{"id":1023,"date":"2021-11-19T19:31:09","date_gmt":"2021-11-19T19:31:09","guid":{"rendered":"http:\/\/efl2021.local\/?page_id=1023"},"modified":"2021-12-07T17:43:23","modified_gmt":"2021-12-07T17:43:23","slug":"gestion-del-talento","status":"publish","type":"page","link":"https:\/\/ccm-eleva.cl\/efl2021\/panorama-actual\/gestion-del-talento\/","title":{"rendered":"Gesti\u00f3n del talento"},"content":{"rendered":"\t\t<div data-elementor-type=\"wp-page\" data-elementor-id=\"1023\" class=\"elementor elementor-1023\" data-elementor-settings=\"[]\">\n\t\t\t\t\t\t\t<div class=\"elementor-section-wrap\">\n\t\t\t\t\t\t\t<section class=\"elementor-section elementor-top-section elementor-element elementor-element-9c59569 elementor-section-full_width elementor-section-height-default elementor-section-height-default\" data-id=\"9c59569\" data-element_type=\"section\">\n\t\t\t\t\t\t<div class=\"elementor-container elementor-column-gap-default\">\n\t\t\t\t\t<div class=\"elementor-column elementor-col-100 elementor-top-column elementor-element elementor-element-bed42b6\" data-id=\"bed42b6\" data-element_type=\"column\">\n\t\t\t<div class=\"elementor-widget-wrap elementor-element-populated\">\n\t\t\t\t\t\t\t\t<div class=\"elementor-element elementor-element-dd785db elementor--h-position-right elementor--v-position-middle elementor-arrows-position-inside elementor-pagination-position-inside elementor-widget elementor-widget-slides\" data-id=\"dd785db\" data-element_type=\"widget\" data-settings=\"{&quot;navigation&quot;:&quot;both&quot;,&quot;autoplay&quot;:&quot;yes&quot;,&quot;pause_on_hover&quot;:&quot;yes&quot;,&quot;pause_on_interaction&quot;:&quot;yes&quot;,&quot;autoplay_speed&quot;:5000,&quot;infinite&quot;:&quot;yes&quot;,&quot;transition&quot;:&quot;slide&quot;,&quot;transition_speed&quot;:500}\" data-widget_type=\"slides.default\">\n\t\t\t\t<div class=\"elementor-widget-container\">\n\t\t\t\t\t<div class=\"elementor-swiper\">\n\t\t\t<div class=\"elementor-slides-wrapper elementor-main-swiper swiper-container\" dir=\"ltr\" data-animation=\"\">\n\t\t\t\t<div class=\"swiper-wrapper elementor-slides\">\n\t\t\t\t\t\t\t\t\t\t<div class=\"elementor-repeater-item-f04da12 swiper-slide\"><div class=\"swiper-slide-bg\"><\/div><div class=\"swiper-slide-inner\" ><div class=\"swiper-slide-contents\"><div class=\"elementor-slide-heading\">Panorama actual del capital humano de la Gran Miner\u00eda<\/div><\/div><\/div><\/div>\t\t\t\t<\/div>\n\t\t\t\t\t\t\t<\/div>\n\t\t<\/div>\n\t\t\t\t<\/div>\n\t\t\t\t<\/div>\n\t\t\t\t\t<\/div>\n\t\t<\/div>\n\t\t\t\t\t\t\t<\/div>\n\t\t<\/section>\n\t\t\t\t<section class=\"elementor-section elementor-top-section elementor-element elementor-element-f6a7464 elementor-section-boxed elementor-section-height-default elementor-section-height-default\" data-id=\"f6a7464\" data-element_type=\"section\" data-settings=\"{&quot;background_background&quot;:&quot;classic&quot;}\">\n\t\t\t\t\t\t<div class=\"elementor-container elementor-column-gap-default\">\n\t\t\t\t\t<div class=\"elementor-column elementor-col-100 elementor-top-column elementor-element elementor-element-a209124\" data-id=\"a209124\" data-element_type=\"column\">\n\t\t\t<div class=\"elementor-widget-wrap elementor-element-populated\">\n\t\t\t\t\t\t\t\t<div class=\"elementor-element elementor-element-24941ae elementor-nav-menu__align-justify elementor-nav-menu--dropdown-none scroll elementor-widget elementor-widget-nav-menu\" data-id=\"24941ae\" data-element_type=\"widget\" data-settings=\"{&quot;layout&quot;:&quot;horizontal&quot;,&quot;submenu_icon&quot;:{&quot;value&quot;:&quot;&lt;i class=\\&quot;fas fa-caret-down\\&quot;&gt;&lt;\\\/i&gt;&quot;,&quot;library&quot;:&quot;fa-solid&quot;}}\" data-widget_type=\"nav-menu.default\">\n\t\t\t\t<div class=\"elementor-widget-container\">\n\t\t\t\t\t\t<nav migration_allowed=\"1\" migrated=\"0\" role=\"navigation\" class=\"elementor-nav-menu--main elementor-nav-menu__container elementor-nav-menu--layout-horizontal e--pointer-background e--animation-fade\">\n\t\t\t\t<ul id=\"menu-1-24941ae\" class=\"elementor-nav-menu\"><li class=\"menu-item menu-item-type-post_type menu-item-object-page menu-item-211\"><a href=\"https:\/\/ccm-eleva.cl\/efl2021\/panorama-actual\/indicadores-de-empleo\/\" class=\"elementor-item\">Indicadores de<br> empleo<\/a><\/li>\n<li class=\"menu-item menu-item-type-post_type menu-item-object-page menu-item-1032\"><a href=\"https:\/\/ccm-eleva.cl\/efl2021\/panorama-actual\/caracteristicas-de-la-fuerza-laboral\/\" class=\"elementor-item\">Caracter\u00edsticas de<br> la fuerza laboral<\/a><\/li>\n<li class=\"menu-item menu-item-type-post_type menu-item-object-page menu-item-1031\"><a href=\"https:\/\/ccm-eleva.cl\/efl2021\/panorama-actual\/participacion-de-mujeres-en-la-industria\/\" class=\"elementor-item\">Participaci\u00f3n de mujeres<br> en la industria<\/a><\/li>\n<li class=\"menu-item menu-item-type-post_type menu-item-object-page menu-item-1030\"><a href=\"https:\/\/ccm-eleva.cl\/efl2021\/panorama-actual\/inclusion-y-diversidad\/\" class=\"elementor-item\">Inclusi\u00f3n y<br> diversidad<\/a><\/li>\n<li class=\"menu-item menu-item-type-post_type menu-item-object-page menu-item-1029\"><a href=\"https:\/\/ccm-eleva.cl\/efl2021\/panorama-actual\/empleo-local\/\" class=\"elementor-item\">Empleo local<\/a><\/li>\n<li class=\"menu-item menu-item-type-post_type menu-item-object-page menu-item-1028\"><a href=\"https:\/\/ccm-eleva.cl\/efl2021\/panorama-actual\/gestion-del-talento\/\" class=\"elementor-item\">Gesti\u00f3n del <br>talento<\/a><\/li>\n<li class=\"menu-item menu-item-type-post_type menu-item-object-page menu-item-1027\"><a href=\"https:\/\/ccm-eleva.cl\/efl2021\/panorama-actual\/acciones-frente-al-covid-19\/\" class=\"elementor-item\">Acciones frente<br> al COVID-19<\/a><\/li>\n<li class=\"menu-item menu-item-type-post_type menu-item-object-page menu-item-2164\"><a href=\"https:\/\/ccm-eleva.cl\/efl2021\/panorama-actual\/principales-resultados-panorama-actual\/\" class=\"elementor-item\">Principales<br> resultados<\/a><\/li>\n<\/ul>\t\t\t<\/nav>\n\t\t\t\t\t<div class=\"elementor-menu-toggle\" role=\"button\" tabindex=\"0\" aria-label=\"Menu Toggle\" aria-expanded=\"false\">\n\t\t\t<i aria-hidden=\"true\" role=\"presentation\" class=\"eicon-menu-bar\"><\/i>\t\t\t<span class=\"elementor-screen-only\">Menu<\/span>\n\t\t<\/div>\n\t\t\t<nav class=\"elementor-nav-menu--dropdown elementor-nav-menu__container\" role=\"navigation\" aria-hidden=\"true\">\n\t\t\t\t<ul id=\"menu-2-24941ae\" class=\"elementor-nav-menu\"><li class=\"menu-item menu-item-type-post_type menu-item-object-page menu-item-211\"><a href=\"https:\/\/ccm-eleva.cl\/efl2021\/panorama-actual\/indicadores-de-empleo\/\" class=\"elementor-item\" tabindex=\"-1\">Indicadores de<br> empleo<\/a><\/li>\n<li class=\"menu-item menu-item-type-post_type menu-item-object-page menu-item-1032\"><a href=\"https:\/\/ccm-eleva.cl\/efl2021\/panorama-actual\/caracteristicas-de-la-fuerza-laboral\/\" class=\"elementor-item\" tabindex=\"-1\">Caracter\u00edsticas de<br> la fuerza laboral<\/a><\/li>\n<li class=\"menu-item menu-item-type-post_type menu-item-object-page menu-item-1031\"><a href=\"https:\/\/ccm-eleva.cl\/efl2021\/panorama-actual\/participacion-de-mujeres-en-la-industria\/\" class=\"elementor-item\" tabindex=\"-1\">Participaci\u00f3n de mujeres<br> en la industria<\/a><\/li>\n<li class=\"menu-item menu-item-type-post_type menu-item-object-page menu-item-1030\"><a href=\"https:\/\/ccm-eleva.cl\/efl2021\/panorama-actual\/inclusion-y-diversidad\/\" class=\"elementor-item\" tabindex=\"-1\">Inclusi\u00f3n y<br> diversidad<\/a><\/li>\n<li class=\"menu-item menu-item-type-post_type menu-item-object-page menu-item-1029\"><a href=\"https:\/\/ccm-eleva.cl\/efl2021\/panorama-actual\/empleo-local\/\" class=\"elementor-item\" tabindex=\"-1\">Empleo local<\/a><\/li>\n<li class=\"menu-item menu-item-type-post_type menu-item-object-page menu-item-1028\"><a href=\"https:\/\/ccm-eleva.cl\/efl2021\/panorama-actual\/gestion-del-talento\/\" class=\"elementor-item\" tabindex=\"-1\">Gesti\u00f3n del <br>talento<\/a><\/li>\n<li class=\"menu-item menu-item-type-post_type menu-item-object-page menu-item-1027\"><a href=\"https:\/\/ccm-eleva.cl\/efl2021\/panorama-actual\/acciones-frente-al-covid-19\/\" class=\"elementor-item\" tabindex=\"-1\">Acciones frente<br> al COVID-19<\/a><\/li>\n<li class=\"menu-item menu-item-type-post_type menu-item-object-page menu-item-2164\"><a href=\"https:\/\/ccm-eleva.cl\/efl2021\/panorama-actual\/principales-resultados-panorama-actual\/\" class=\"elementor-item\" tabindex=\"-1\">Principales<br> resultados<\/a><\/li>\n<\/ul>\t\t\t<\/nav>\n\t\t\t\t<\/div>\n\t\t\t\t<\/div>\n\t\t\t\t\t<\/div>\n\t\t<\/div>\n\t\t\t\t\t\t\t<\/div>\n\t\t<\/section>\n\t\t\t\t<section class=\"elementor-section elementor-top-section elementor-element elementor-element-f458829 elementor-section-boxed elementor-section-height-default elementor-section-height-default\" data-id=\"f458829\" data-element_type=\"section\">\n\t\t\t\t\t\t<div class=\"elementor-container elementor-column-gap-default\">\n\t\t\t\t\t<div class=\"elementor-column elementor-col-100 elementor-top-column elementor-element elementor-element-2bb6108\" data-id=\"2bb6108\" data-element_type=\"column\">\n\t\t\t<div class=\"elementor-widget-wrap elementor-element-populated\">\n\t\t\t\t\t\t\t\t<div class=\"elementor-element elementor-element-503a651 elementor-widget elementor-widget-heading\" data-id=\"503a651\" data-element_type=\"widget\" data-widget_type=\"heading.default\">\n\t\t\t\t<div class=\"elementor-widget-container\">\n\t\t\t<h2 class=\"elementor-heading-title elementor-size-default\">MODELO DE GESTI\u00d3N<\/h2>\t\t<\/div>\n\t\t\t\t<\/div>\n\t\t\t\t<div class=\"elementor-element elementor-element-511c2b8 elementor-widget elementor-widget-heading\" data-id=\"511c2b8\" data-element_type=\"widget\" data-widget_type=\"heading.default\">\n\t\t\t\t<div class=\"elementor-widget-container\">\n\t\t\t<h2 class=\"elementor-heading-title elementor-size-default\">\u00bfLa empresa utiliza un modelo de gesti\u00f3n de personas basado en competencias?<\/h2>\t\t<\/div>\n\t\t\t\t<\/div>\n\t\t\t\t<section class=\"elementor-section elementor-inner-section elementor-element elementor-element-27a754b elementor-section-boxed elementor-section-height-default elementor-section-height-default\" data-id=\"27a754b\" data-element_type=\"section\">\n\t\t\t\t\t\t<div class=\"elementor-container elementor-column-gap-default\">\n\t\t\t\t\t<div class=\"elementor-column elementor-col-50 elementor-inner-column elementor-element elementor-element-c2eccb1\" data-id=\"c2eccb1\" data-element_type=\"column\">\n\t\t\t<div class=\"elementor-widget-wrap elementor-element-populated\">\n\t\t\t\t\t\t\t\t<div class=\"elementor-element elementor-element-54ed498 elementor-widget elementor-widget-image\" data-id=\"54ed498\" data-element_type=\"widget\" data-widget_type=\"image.default\">\n\t\t\t\t<div class=\"elementor-widget-container\">\n\t\t\t\t\t\t\t\t\t\t\t\t\t\t\t<img loading=\"lazy\" decoding=\"async\" width=\"424\" height=\"255\" src=\"https:\/\/ccm-eleva.cl\/efl2021\/\/wp-content\/uploads\/2021\/11\/P25.png\" class=\"attachment-full size-full\" alt=\"\" srcset=\"https:\/\/ccm-eleva.cl\/efl2021\/\/wp-content\/uploads\/2021\/11\/P25.png 424w, https:\/\/ccm-eleva.cl\/efl2021\/\/wp-content\/uploads\/2021\/11\/P25-300x180.png 300w\" sizes=\"auto, (max-width: 424px) 100vw, 424px\" \/>\t\t\t\t\t\t\t\t\t\t\t\t\t\t\t<\/div>\n\t\t\t\t<\/div>\n\t\t\t\t\t<\/div>\n\t\t<\/div>\n\t\t\t\t<div class=\"elementor-column elementor-col-50 elementor-inner-column elementor-element elementor-element-18407cd\" data-id=\"18407cd\" data-element_type=\"column\">\n\t\t\t<div class=\"elementor-widget-wrap elementor-element-populated\">\n\t\t\t\t\t\t\t\t<div class=\"elementor-element elementor-element-5008f6d elementor-widget elementor-widget-text-editor\" data-id=\"5008f6d\" data-element_type=\"widget\" data-widget_type=\"text-editor.default\">\n\t\t\t\t<div class=\"elementor-widget-container\">\n\t\t\t\t\t\t\t<p>En casi el 80% de las empresas participantes\u00a0<span style=\"color: var( --e-global-color-text ); font-family: var( --e-global-typography-text-font-family ), Sans-serif; font-weight: var( --e-global-typography-text-font-weight ); font-size: 1rem;\">de la encuesta, las \u00e1reas de recursos humanos\u00a0<\/span><span style=\"color: var( --e-global-color-text ); font-family: var( --e-global-typography-text-font-family ), Sans-serif; font-weight: var( --e-global-typography-text-font-weight ); font-size: 1rem;\">est\u00e1n aplicando un modelo de gesti\u00f3n basado\u00a0<\/span><span style=\"color: var( --e-global-color-text ); font-family: var( --e-global-typography-text-font-family ), Sans-serif; font-weight: var( --e-global-typography-text-font-weight ); font-size: 1rem;\">en competencias, con el prop\u00f3sito de disponer\u00a0<\/span><span style=\"color: var( --e-global-color-text ); font-family: var( --e-global-typography-text-font-family ), Sans-serif; font-weight: var( --e-global-typography-text-font-weight ); font-size: 1rem;\">del personal adecuado a las necesidades.<\/span><\/p><p>Estos modelos se basan en est\u00e1ndares de\u00a0<span style=\"color: var( --e-global-color-text ); font-family: var( --e-global-typography-text-font-family ), Sans-serif; font-weight: var( --e-global-typography-text-font-weight ); font-size: 1rem;\">competencias que incorporan aspectos como\u00a0<\/span><span style=\"color: var( --e-global-color-text ); font-family: var( --e-global-typography-text-font-family ), Sans-serif; font-weight: var( --e-global-typography-text-font-weight ); font-size: 1rem;\">las aptitudes, destrezas, conocimientos y el\u00a0<\/span><span style=\"color: var( --e-global-color-text ); font-family: var( --e-global-typography-text-font-family ), Sans-serif; font-weight: var( --e-global-typography-text-font-weight ); font-size: 1rem;\">desempe\u00f1o esperado para la consecuci\u00f3n de\u00a0<\/span><span style=\"color: var( --e-global-color-text ); font-family: var( --e-global-typography-text-font-family ), Sans-serif; font-weight: var( --e-global-typography-text-font-weight ); font-size: 1rem;\">los objetivos de la organizaci\u00f3n.<\/span><\/p>\t\t\t\t\t\t<\/div>\n\t\t\t\t<\/div>\n\t\t\t\t\t<\/div>\n\t\t<\/div>\n\t\t\t\t\t\t\t<\/div>\n\t\t<\/section>\n\t\t\t\t<div class=\"elementor-element elementor-element-2bfba47 elementor-widget elementor-widget-heading\" data-id=\"2bfba47\" data-element_type=\"widget\" data-widget_type=\"heading.default\">\n\t\t\t\t<div class=\"elementor-widget-container\">\n\t\t\t<h2 class=\"elementor-heading-title elementor-size-default\">Ranking seg\u00fan tipo de modelo de gesti\u00f3n<\/h2>\t\t<\/div>\n\t\t\t\t<\/div>\n\t\t\t\t<section class=\"elementor-section elementor-inner-section elementor-element elementor-element-451c6be elementor-section-boxed elementor-section-height-default elementor-section-height-default\" data-id=\"451c6be\" data-element_type=\"section\">\n\t\t\t\t\t\t<div class=\"elementor-container elementor-column-gap-default\">\n\t\t\t\t\t<div class=\"elementor-column elementor-col-50 elementor-inner-column elementor-element elementor-element-8416983\" data-id=\"8416983\" data-element_type=\"column\">\n\t\t\t<div class=\"elementor-widget-wrap elementor-element-populated\">\n\t\t\t\t\t\t\t\t<div class=\"elementor-element elementor-element-a596d09 elementor-widget elementor-widget-image\" data-id=\"a596d09\" data-element_type=\"widget\" data-widget_type=\"image.default\">\n\t\t\t\t<div class=\"elementor-widget-container\">\n\t\t\t\t\t\t\t\t\t\t\t\t\t\t\t<img loading=\"lazy\" decoding=\"async\" width=\"562\" height=\"290\" src=\"https:\/\/ccm-eleva.cl\/efl2021\/\/wp-content\/uploads\/2021\/11\/P26.png\" class=\"attachment-full size-full\" alt=\"\" srcset=\"https:\/\/ccm-eleva.cl\/efl2021\/\/wp-content\/uploads\/2021\/11\/P26.png 562w, https:\/\/ccm-eleva.cl\/efl2021\/\/wp-content\/uploads\/2021\/11\/P26-300x155.png 300w\" sizes=\"auto, (max-width: 562px) 100vw, 562px\" \/>\t\t\t\t\t\t\t\t\t\t\t\t\t\t\t<\/div>\n\t\t\t\t<\/div>\n\t\t\t\t<div class=\"elementor-element elementor-element-6bad0c9 elementor-widget elementor-widget-text-editor\" data-id=\"6bad0c9\" data-element_type=\"widget\" data-widget_type=\"text-editor.default\">\n\t\t\t\t<div class=\"elementor-widget-container\">\n\t\t\t\t\t\t\t<p>Fuente: Encuesta a empresas mineras y proveedoras.<\/p>\t\t\t\t\t\t<\/div>\n\t\t\t\t<\/div>\n\t\t\t\t\t<\/div>\n\t\t<\/div>\n\t\t\t\t<div class=\"elementor-column elementor-col-50 elementor-inner-column elementor-element elementor-element-f55734f\" data-id=\"f55734f\" data-element_type=\"column\">\n\t\t\t<div class=\"elementor-widget-wrap elementor-element-populated\">\n\t\t\t\t\t\t\t\t<div class=\"elementor-element elementor-element-69aad7b elementor-widget elementor-widget-text-editor\" data-id=\"69aad7b\" data-element_type=\"widget\" data-widget_type=\"text-editor.default\">\n\t\t\t\t<div class=\"elementor-widget-container\">\n\t\t\t\t\t\t\t<p>Si bien las empresas han implementado m\u00e1s de\u00a0<span style=\"color: var( --e-global-color-text ); font-family: var( --e-global-typography-text-font-family ), Sans-serif; font-weight: var( --e-global-typography-text-font-weight ); font-size: 1rem;\">un modelo de gesti\u00f3n de personas, al consultar\u00a0<\/span><span style=\"color: var( --e-global-color-text ); font-family: var( --e-global-typography-text-font-family ), Sans-serif; font-weight: var( --e-global-typography-text-font-weight ); font-size: 1rem;\">por el tipo de modelo, el 90% se\u00f1ala como\u00a0<\/span><span style=\"color: var( --e-global-color-text ); font-family: var( --e-global-typography-text-font-family ), Sans-serif; font-weight: var( --e-global-typography-text-font-weight ); font-size: 1rem;\">primera opci\u00f3n el uso de un Modelo Propio,\u00a0<\/span><span style=\"color: var( --e-global-color-text ); font-family: var( --e-global-typography-text-font-family ), Sans-serif; font-weight: var( --e-global-typography-text-font-weight ); font-size: 1rem;\">seguido por el Modelo CCM-Eleva (67%), que\u00a0<\/span><span style=\"color: var( --e-global-color-text ); font-family: var( --e-global-typography-text-font-family ), Sans-serif; font-weight: var( --e-global-typography-text-font-weight ); font-size: 1rem;\">incluye el uso del Marco de Cualificaciones\u00a0<\/span><span style=\"color: var( --e-global-color-text ); font-family: var( --e-global-typography-text-font-family ), Sans-serif; font-weight: var( --e-global-typography-text-font-weight ); font-size: 1rem;\">para la Miner\u00eda y paquetes para Formaci\u00f3n y\u00a0<\/span><span style=\"color: var( --e-global-color-text ); font-family: var( --e-global-typography-text-font-family ), Sans-serif; font-weight: var( --e-global-typography-text-font-weight ); font-size: 1rem;\">Entrenamiento. En tercer lugar, con un 46% de\u00a0<\/span><span style=\"color: var( --e-global-color-text ); font-family: var( --e-global-typography-text-font-family ), Sans-serif; font-weight: var( --e-global-typography-text-font-weight ); font-size: 1rem;\">las menciones, est\u00e1 el Modelo de ChileValora\u00a0<\/span><span style=\"color: var( --e-global-color-text ); font-family: var( --e-global-typography-text-font-family ), Sans-serif; font-weight: var( --e-global-typography-text-font-weight ); font-size: 1rem;\">(uso de planes formativos u otro producto).<\/span><\/p>\t\t\t\t\t\t<\/div>\n\t\t\t\t<\/div>\n\t\t\t\t\t<\/div>\n\t\t<\/div>\n\t\t\t\t\t\t\t<\/div>\n\t\t<\/section>\n\t\t\t\t<div class=\"elementor-element elementor-element-2a7ba6c elementor-widget elementor-widget-heading\" data-id=\"2a7ba6c\" data-element_type=\"widget\" data-widget_type=\"heading.default\">\n\t\t\t\t<div class=\"elementor-widget-container\">\n\t\t\t<h2 class=\"elementor-heading-title elementor-size-default\">Ranking seg\u00fan tipo de competencias que incluye el modelo de gesti\u00f3n<\/h2>\t\t<\/div>\n\t\t\t\t<\/div>\n\t\t\t\t<section class=\"elementor-section elementor-inner-section elementor-element elementor-element-8b35862 elementor-section-boxed elementor-section-height-default elementor-section-height-default\" data-id=\"8b35862\" data-element_type=\"section\">\n\t\t\t\t\t\t<div class=\"elementor-container elementor-column-gap-default\">\n\t\t\t\t\t<div class=\"elementor-column elementor-col-50 elementor-inner-column elementor-element elementor-element-03f2440\" data-id=\"03f2440\" data-element_type=\"column\">\n\t\t\t<div class=\"elementor-widget-wrap elementor-element-populated\">\n\t\t\t\t\t\t\t\t<div class=\"elementor-element elementor-element-51ca67b elementor-widget elementor-widget-image\" data-id=\"51ca67b\" data-element_type=\"widget\" data-widget_type=\"image.default\">\n\t\t\t\t<div class=\"elementor-widget-container\">\n\t\t\t\t\t\t\t\t\t\t\t\t\t\t\t<img loading=\"lazy\" decoding=\"async\" width=\"430\" height=\"291\" src=\"https:\/\/ccm-eleva.cl\/efl2021\/\/wp-content\/uploads\/2021\/11\/P27.png\" class=\"attachment-full size-full\" alt=\"\" srcset=\"https:\/\/ccm-eleva.cl\/efl2021\/\/wp-content\/uploads\/2021\/11\/P27.png 430w, https:\/\/ccm-eleva.cl\/efl2021\/\/wp-content\/uploads\/2021\/11\/P27-300x203.png 300w\" sizes=\"auto, (max-width: 430px) 100vw, 430px\" \/>\t\t\t\t\t\t\t\t\t\t\t\t\t\t\t<\/div>\n\t\t\t\t<\/div>\n\t\t\t\t<div class=\"elementor-element elementor-element-8ed04fb elementor-widget elementor-widget-text-editor\" data-id=\"8ed04fb\" data-element_type=\"widget\" data-widget_type=\"text-editor.default\">\n\t\t\t\t<div class=\"elementor-widget-container\">\n\t\t\t\t\t\t\t<p>Fuente: Encuesta a empresas mineras y proveedoras.<\/p>\t\t\t\t\t\t<\/div>\n\t\t\t\t<\/div>\n\t\t\t\t\t<\/div>\n\t\t<\/div>\n\t\t\t\t<div class=\"elementor-column elementor-col-50 elementor-inner-column elementor-element elementor-element-24ac03f\" data-id=\"24ac03f\" data-element_type=\"column\">\n\t\t\t<div class=\"elementor-widget-wrap elementor-element-populated\">\n\t\t\t\t\t\t\t\t<div class=\"elementor-element elementor-element-b17a463 elementor-widget elementor-widget-text-editor\" data-id=\"b17a463\" data-element_type=\"widget\" data-widget_type=\"text-editor.default\">\n\t\t\t\t<div class=\"elementor-widget-container\">\n\t\t\t\t\t\t\t<p>En cuanto a la priorizaci\u00f3n que las empresas dan a\u00a0<span style=\"color: var( --e-global-color-text ); font-family: var( --e-global-typography-text-font-family ), Sans-serif; font-weight: var( --e-global-typography-text-font-weight ); font-size: 1rem;\">las competencias en sus modelos de gesti\u00f3n, las\u00a0<\/span><span style=\"color: var( --e-global-color-text ); font-family: var( --e-global-typography-text-font-family ), Sans-serif; font-weight: var( --e-global-typography-text-font-weight ); font-size: 1rem;\">m\u00e1s relevantes, con un 65% de las preferencias,\u00a0<\/span><span style=\"color: var( --e-global-color-text ); font-family: var( --e-global-typography-text-font-family ), Sans-serif; font-weight: var( --e-global-typography-text-font-weight ); font-size: 1rem;\">son aquellas t\u00e9cnicas espec\u00edficas al trabajo\u00a0<\/span><span style=\"color: var( --e-global-color-text ); font-family: var( --e-global-typography-text-font-family ), Sans-serif; font-weight: var( --e-global-typography-text-font-weight ); font-size: 1rem;\">realizado, como conocimientos especializados\u00a0<\/span><span style=\"color: var( --e-global-color-text ); font-family: var( --e-global-typography-text-font-family ), Sans-serif; font-weight: var( --e-global-typography-text-font-weight ); font-size: 1rem;\">sobre un sistema o equipo. En segundo lugar\u00a0<\/span><span style=\"color: var( --e-global-color-text ); font-family: var( --e-global-typography-text-font-family ), Sans-serif; font-weight: var( --e-global-typography-text-font-weight ); font-size: 1rem;\">incluyen competencias conductuales (57%) y en\u00a0<\/span><span style=\"color: var( --e-global-color-text ); font-family: var( --e-global-typography-text-font-family ), Sans-serif; font-weight: var( --e-global-typography-text-font-weight ); font-size: 1rem;\">menor proporci\u00f3n (32%) aquellas relacionadas\u00a0<\/span><span style=\"color: var( --e-global-color-text ); font-family: var( --e-global-typography-text-font-family ), Sans-serif; font-weight: var( --e-global-typography-text-font-weight ); font-size: 1rem;\">con el manejo de nuevas tecnolog\u00edas.<\/span><\/p><p>Hay que se\u00f1alar que un 37% de las empresas\u00a0<span style=\"color: var( --e-global-color-text ); font-family: var( --e-global-typography-text-font-family ), Sans-serif; font-weight: var( --e-global-typography-text-font-weight ); font-size: 1rem;\">indica no considerar las competencias digitales\u00a0<\/span><span style=\"color: var( --e-global-color-text ); font-family: var( --e-global-typography-text-font-family ), Sans-serif; font-weight: var( --e-global-typography-text-font-weight ); font-size: 1rem;\">en su modelo de gesti\u00f3n.<\/span><\/p>\t\t\t\t\t\t<\/div>\n\t\t\t\t<\/div>\n\t\t\t\t\t<\/div>\n\t\t<\/div>\n\t\t\t\t\t\t\t<\/div>\n\t\t<\/section>\n\t\t\t\t\t<\/div>\n\t\t<\/div>\n\t\t\t\t\t\t\t<\/div>\n\t\t<\/section>\n\t\t\t\t<section class=\"elementor-section elementor-top-section elementor-element elementor-element-403c874 elementor-section-boxed elementor-section-height-default elementor-section-height-default\" data-id=\"403c874\" data-element_type=\"section\">\n\t\t\t\t\t\t<div class=\"elementor-container elementor-column-gap-default\">\n\t\t\t\t\t<div class=\"elementor-column elementor-col-100 elementor-top-column elementor-element elementor-element-d76bc1c\" data-id=\"d76bc1c\" data-element_type=\"column\">\n\t\t\t<div class=\"elementor-widget-wrap elementor-element-populated\">\n\t\t\t\t\t\t\t\t<div class=\"elementor-element elementor-element-6771010 elementor-widget elementor-widget-image\" data-id=\"6771010\" data-element_type=\"widget\" data-widget_type=\"image.default\">\n\t\t\t\t<div class=\"elementor-widget-container\">\n\t\t\t\t\t\t\t\t\t\t\t\t\t\t\t<img loading=\"lazy\" decoding=\"async\" width=\"1202\" height=\"480\" src=\"https:\/\/ccm-eleva.cl\/efl2021\/\/wp-content\/uploads\/2021\/11\/P28.png\" class=\"attachment-full size-full\" alt=\"\" srcset=\"https:\/\/ccm-eleva.cl\/efl2021\/\/wp-content\/uploads\/2021\/11\/P28.png 1202w, https:\/\/ccm-eleva.cl\/efl2021\/\/wp-content\/uploads\/2021\/11\/P28-300x120.png 300w, https:\/\/ccm-eleva.cl\/efl2021\/\/wp-content\/uploads\/2021\/11\/P28-1024x409.png 1024w, https:\/\/ccm-eleva.cl\/efl2021\/\/wp-content\/uploads\/2021\/11\/P28-768x307.png 768w\" sizes=\"auto, (max-width: 1202px) 100vw, 1202px\" \/>\t\t\t\t\t\t\t\t\t\t\t\t\t\t\t<\/div>\n\t\t\t\t<\/div>\n\t\t\t\t\t<\/div>\n\t\t<\/div>\n\t\t\t\t\t\t\t<\/div>\n\t\t<\/section>\n\t\t\t\t<section class=\"elementor-section elementor-top-section elementor-element elementor-element-20f61fc elementor-section-boxed elementor-section-height-default elementor-section-height-default\" data-id=\"20f61fc\" data-element_type=\"section\">\n\t\t\t\t\t\t<div class=\"elementor-container elementor-column-gap-default\">\n\t\t\t\t\t<div class=\"elementor-column elementor-col-100 elementor-top-column elementor-element elementor-element-2096294\" data-id=\"2096294\" data-element_type=\"column\">\n\t\t\t<div class=\"elementor-widget-wrap elementor-element-populated\">\n\t\t\t\t\t\t\t\t<div class=\"elementor-element elementor-element-ddc7a1b elementor-widget elementor-widget-heading\" data-id=\"ddc7a1b\" data-element_type=\"widget\" data-widget_type=\"heading.default\">\n\t\t\t\t<div class=\"elementor-widget-container\">\n\t\t\t<h2 class=\"elementor-heading-title elementor-size-default\">INDICADORES DE CAPACITACI\u00d3N<\/h2>\t\t<\/div>\n\t\t\t\t<\/div>\n\t\t\t\t<div class=\"elementor-element elementor-element-5867154 elementor-widget elementor-widget-image\" data-id=\"5867154\" data-element_type=\"widget\" data-widget_type=\"image.default\">\n\t\t\t\t<div class=\"elementor-widget-container\">\n\t\t\t\t\t\t\t\t\t\t\t\t\t\t\t<img loading=\"lazy\" decoding=\"async\" width=\"889\" height=\"454\" src=\"https:\/\/ccm-eleva.cl\/efl2021\/\/wp-content\/uploads\/2021\/11\/P29.png\" class=\"attachment-full size-full\" alt=\"\" srcset=\"https:\/\/ccm-eleva.cl\/efl2021\/\/wp-content\/uploads\/2021\/11\/P29.png 889w, https:\/\/ccm-eleva.cl\/efl2021\/\/wp-content\/uploads\/2021\/11\/P29-300x153.png 300w, https:\/\/ccm-eleva.cl\/efl2021\/\/wp-content\/uploads\/2021\/11\/P29-768x392.png 768w\" sizes=\"auto, (max-width: 889px) 100vw, 889px\" \/>\t\t\t\t\t\t\t\t\t\t\t\t\t\t\t<\/div>\n\t\t\t\t<\/div>\n\t\t\t\t<div class=\"elementor-element elementor-element-6cf8e96 elementor-widget elementor-widget-text-editor\" data-id=\"6cf8e96\" data-element_type=\"widget\" data-widget_type=\"text-editor.default\">\n\t\t\t\t<div class=\"elementor-widget-container\">\n\t\t\t\t\t\t\t<p>* Pesos chilenos<br \/>Fuente: Reporte de capacitaci\u00f3n de empresas mineras y empresas proveedoras.<\/p>\t\t\t\t\t\t<\/div>\n\t\t\t\t<\/div>\n\t\t\t\t\t<\/div>\n\t\t<\/div>\n\t\t\t\t\t\t\t<\/div>\n\t\t<\/section>\n\t\t\t\t<section class=\"elementor-section elementor-top-section elementor-element elementor-element-8affe05 elementor-section-boxed elementor-section-height-default elementor-section-height-default\" data-id=\"8affe05\" data-element_type=\"section\">\n\t\t\t\t\t\t<div class=\"elementor-container elementor-column-gap-default\">\n\t\t\t\t\t<div class=\"elementor-column elementor-col-100 elementor-top-column elementor-element elementor-element-317f922\" data-id=\"317f922\" data-element_type=\"column\">\n\t\t\t<div class=\"elementor-widget-wrap elementor-element-populated\">\n\t\t\t\t\t\t\t\t<div class=\"elementor-element elementor-element-dd388ec elementor-widget elementor-widget-heading\" data-id=\"dd388ec\" data-element_type=\"widget\" data-widget_type=\"heading.default\">\n\t\t\t\t<div class=\"elementor-widget-container\">\n\t\t\t<h2 class=\"elementor-heading-title elementor-size-default\">\u00bfEN QU\u00c9 GRUPO O GRUPOS SE ENFOCA PRINCIPALMENTE LA POL\u00cdTICA DE INCLUSI\u00d3N Y DIVERSIDAD?<\/h2>\t\t<\/div>\n\t\t\t\t<\/div>\n\t\t\t\t<section class=\"elementor-section elementor-inner-section elementor-element elementor-element-0e00a3c elementor-section-boxed elementor-section-height-default elementor-section-height-default\" data-id=\"0e00a3c\" data-element_type=\"section\">\n\t\t\t\t\t\t<div class=\"elementor-container elementor-column-gap-default\">\n\t\t\t\t\t<div class=\"elementor-column elementor-col-50 elementor-inner-column elementor-element elementor-element-4be21d3\" data-id=\"4be21d3\" data-element_type=\"column\">\n\t\t\t<div class=\"elementor-widget-wrap elementor-element-populated\">\n\t\t\t\t\t\t\t\t<div class=\"elementor-element elementor-element-16694e4 elementor-widget elementor-widget-text-editor\" data-id=\"16694e4\" data-element_type=\"widget\" data-widget_type=\"text-editor.default\">\n\t\t\t\t<div class=\"elementor-widget-container\">\n\t\t\t\t\t\t\t<p>En el contexto de emergencia sanitaria\u00a0<span style=\"color: var( --e-global-color-text ); font-family: var( --e-global-typography-text-font-family ), Sans-serif; font-weight: var( --e-global-typography-text-font-weight ); font-size: 1rem;\">generado por la pandemia de COVID-19,\u00a0<\/span><span style=\"color: var( --e-global-color-text ); font-family: var( --e-global-typography-text-font-family ), Sans-serif; font-weight: var( --e-global-typography-text-font-weight ); font-size: 1rem;\">las empresas del sector adaptaron sus\u00a0<\/span><span style=\"color: var( --e-global-color-text ); font-family: var( --e-global-typography-text-font-family ), Sans-serif; font-weight: var( --e-global-typography-text-font-weight ); font-size: 1rem;\">estrategias de capacitaci\u00f3n. De este\u00a0<\/span><span style=\"color: var( --e-global-color-text ); font-family: var( --e-global-typography-text-font-family ), Sans-serif; font-weight: var( --e-global-typography-text-font-weight ); font-size: 1rem;\">modo, al comparar los indicadores con\u00a0<\/span><span style=\"color: var( --e-global-color-text ); font-family: var( --e-global-typography-text-font-family ), Sans-serif; font-weight: var( --e-global-typography-text-font-weight ); font-size: 1rem;\">un a\u00f1o normal, en el 2020 las horas de\u00a0<\/span><span style=\"color: var( --e-global-color-text ); font-family: var( --e-global-typography-text-font-family ), Sans-serif; font-weight: var( --e-global-typography-text-font-weight ); font-size: 1rem;\">capacitaci\u00f3n por trabajador y el \u00edndice de\u00a0<\/span><span style=\"color: var( --e-global-color-text ); font-family: var( --e-global-typography-text-font-family ), Sans-serif; font-weight: var( --e-global-typography-text-font-weight ); font-size: 1rem;\">capacitaci\u00f3n disminuyeron levemente\u00a0<\/span><span style=\"color: var( --e-global-color-text ); font-family: var( --e-global-typography-text-font-family ), Sans-serif; font-weight: var( --e-global-typography-text-font-weight ); font-size: 1rem;\">(5 horas menos de capacitaci\u00f3n por\u00a0<\/span><span style=\"color: var( --e-global-color-text ); font-family: var( --e-global-typography-text-font-family ), Sans-serif; font-weight: var( --e-global-typography-text-font-weight ); font-size: 1rem;\">persona).<\/span><\/p>\t\t\t\t\t\t<\/div>\n\t\t\t\t<\/div>\n\t\t\t\t\t<\/div>\n\t\t<\/div>\n\t\t\t\t<div class=\"elementor-column elementor-col-50 elementor-inner-column elementor-element elementor-element-aa49770\" data-id=\"aa49770\" data-element_type=\"column\">\n\t\t\t<div class=\"elementor-widget-wrap elementor-element-populated\">\n\t\t\t\t\t\t\t\t<div class=\"elementor-element elementor-element-7229fde elementor-widget elementor-widget-text-editor\" data-id=\"7229fde\" data-element_type=\"widget\" data-widget_type=\"text-editor.default\">\n\t\t\t\t<div class=\"elementor-widget-container\">\n\t\t\t\t\t\t\t<p>Destaca el considerable\u00a0<span style=\"background-color: var( --e-global-color-accent );\">aumento en la asistencia, lo que\u00a0<\/span><span style=\"background-color: var( --e-global-color-accent );\">se refleja en un incremento de\u00a0<\/span><span style=\"background-color: var( --e-global-color-accent );\">3,1 puntos en la participaci\u00f3n por\u00a0<\/span><span style=\"background-color: var( --e-global-color-accent );\">persona y la importante ca\u00edda en\u00a0<\/span><span style=\"background-color: var( --e-global-color-accent );\">el costo por participante.<\/span><\/p>\t\t\t\t\t\t<\/div>\n\t\t\t\t<\/div>\n\t\t\t\t\t<\/div>\n\t\t<\/div>\n\t\t\t\t\t\t\t<\/div>\n\t\t<\/section>\n\t\t\t\t\t<\/div>\n\t\t<\/div>\n\t\t\t\t\t\t\t<\/div>\n\t\t<\/section>\n\t\t\t\t<section class=\"elementor-section elementor-top-section elementor-element elementor-element-c676efe elementor-section-boxed elementor-section-height-default elementor-section-height-default\" data-id=\"c676efe\" data-element_type=\"section\">\n\t\t\t\t\t\t<div class=\"elementor-container elementor-column-gap-default\">\n\t\t\t\t\t<div class=\"elementor-column elementor-col-100 elementor-top-column elementor-element elementor-element-f946bb9\" data-id=\"f946bb9\" data-element_type=\"column\">\n\t\t\t<div class=\"elementor-widget-wrap elementor-element-populated\">\n\t\t\t\t\t\t\t\t<div class=\"elementor-element elementor-element-897f276 elementor-widget elementor-widget-heading\" data-id=\"897f276\" data-element_type=\"widget\" data-widget_type=\"heading.default\">\n\t\t\t\t<div class=\"elementor-widget-container\">\n\t\t\t<h2 class=\"elementor-heading-title elementor-size-default\">DISTRIBUCI\u00d3N DE LA INVERSI\u00d3N EN CAPACITACI\u00d3N POR GRUPO OCUPACIONAL<\/h2>\t\t<\/div>\n\t\t\t\t<\/div>\n\t\t\t\t<div class=\"elementor-element elementor-element-bddd2a0 elementor-widget elementor-widget-image\" data-id=\"bddd2a0\" data-element_type=\"widget\" data-widget_type=\"image.default\">\n\t\t\t\t<div class=\"elementor-widget-container\">\n\t\t\t\t\t\t\t\t\t\t\t\t\t\t\t<img loading=\"lazy\" decoding=\"async\" width=\"883\" height=\"130\" src=\"https:\/\/ccm-eleva.cl\/efl2021\/\/wp-content\/uploads\/2021\/11\/P30-e1637769416371.png\" class=\"attachment-full size-full\" alt=\"\" srcset=\"https:\/\/ccm-eleva.cl\/efl2021\/\/wp-content\/uploads\/2021\/11\/P30-e1637769416371.png 883w, https:\/\/ccm-eleva.cl\/efl2021\/\/wp-content\/uploads\/2021\/11\/P30-e1637769416371-300x44.png 300w, https:\/\/ccm-eleva.cl\/efl2021\/\/wp-content\/uploads\/2021\/11\/P30-e1637769416371-768x113.png 768w\" sizes=\"auto, (max-width: 883px) 100vw, 883px\" \/>\t\t\t\t\t\t\t\t\t\t\t\t\t\t\t<\/div>\n\t\t\t\t<\/div>\n\t\t\t\t<div class=\"elementor-element elementor-element-4ad1540 elementor-widget elementor-widget-heading\" data-id=\"4ad1540\" data-element_type=\"widget\" data-widget_type=\"heading.default\">\n\t\t\t\t<div class=\"elementor-widget-container\">\n\t\t\t<h2 class=\"elementor-heading-title elementor-size-default\">DISTRIBUCI\u00d3N DE HORAS DE CAPACITACI\u00d3N POR GRUPO OCUPACIONAL<\/h2>\t\t<\/div>\n\t\t\t\t<\/div>\n\t\t\t\t<div class=\"elementor-element elementor-element-1a4710d elementor-widget elementor-widget-image\" data-id=\"1a4710d\" data-element_type=\"widget\" data-widget_type=\"image.default\">\n\t\t\t\t<div class=\"elementor-widget-container\">\n\t\t\t\t\t\t\t\t\t\t\t\t\t\t\t<img loading=\"lazy\" decoding=\"async\" width=\"890\" height=\"172\" src=\"https:\/\/ccm-eleva.cl\/efl2021\/\/wp-content\/uploads\/2021\/11\/C3.png\" class=\"attachment-full size-full\" alt=\"\" srcset=\"https:\/\/ccm-eleva.cl\/efl2021\/\/wp-content\/uploads\/2021\/11\/C3.png 890w, https:\/\/ccm-eleva.cl\/efl2021\/\/wp-content\/uploads\/2021\/11\/C3-300x58.png 300w, https:\/\/ccm-eleva.cl\/efl2021\/\/wp-content\/uploads\/2021\/11\/C3-768x148.png 768w\" sizes=\"auto, (max-width: 890px) 100vw, 890px\" \/>\t\t\t\t\t\t\t\t\t\t\t\t\t\t\t<\/div>\n\t\t\t\t<\/div>\n\t\t\t\t<div class=\"elementor-element elementor-element-c4fa606 elementor-widget elementor-widget-text-editor\" data-id=\"c4fa606\" data-element_type=\"widget\" data-widget_type=\"text-editor.default\">\n\t\t\t\t<div class=\"elementor-widget-container\">\n\t\t\t\t\t\t\t<p>Al comparar los a\u00f1os de medici\u00f3n en los\u00a0<span style=\"color: var( --e-global-color-text ); font-family: var( --e-global-typography-text-font-family ), Sans-serif; font-weight: var( --e-global-typography-text-font-weight ); font-size: 1rem;\">indicadores de inversi\u00f3n y en horas de\u00a0<\/span><span style=\"color: var( --e-global-color-text ); font-family: var( --e-global-typography-text-font-family ), Sans-serif; font-weight: var( --e-global-typography-text-font-weight ); font-size: 1rem;\">capacitaci\u00f3n, los resultados arrojan una\u00a0<\/span><span style=\"color: var( --e-global-color-text ); font-family: var( --e-global-typography-text-font-family ), Sans-serif; font-weight: var( --e-global-typography-text-font-weight ); font-size: 1rem;\">disminuci\u00f3n para los Operadores y Mantenedores\u00a0<\/span><span style=\"color: var( --e-global-color-text ); font-family: var( --e-global-typography-text-font-family ), Sans-serif; font-weight: var( --e-global-typography-text-font-weight ); font-size: 1rem;\">al a\u00f1o 2020, a diferencia de lo que ocurre\u00a0<\/span><span style=\"color: var( --e-global-color-text ); font-family: var( --e-global-typography-text-font-family ), Sans-serif; font-weight: var( --e-global-typography-text-font-weight ); font-size: 1rem;\">en los grupos ocupacionales de Supervisor\u00a0<\/span><span style=\"color: var( --e-global-color-text ); font-family: var( --e-global-typography-text-font-family ), Sans-serif; font-weight: var( --e-global-typography-text-font-weight ); font-size: 1rem;\">y Profesionales, donde ambos indicadores\u00a0<\/span>aumentaron. La pandemia del COVID-19\u00a0<span style=\"color: var( --e-global-color-text ); font-family: var( --e-global-typography-text-font-family ), Sans-serif; font-weight: var( --e-global-typography-text-font-weight ); font-size: 1rem;\">ha generado ajustes en las estrategias de\u00a0<\/span><span style=\"color: var( --e-global-color-text ); font-family: var( --e-global-typography-text-font-family ), Sans-serif; font-weight: var( --e-global-typography-text-font-weight ); font-size: 1rem;\">capacitaci\u00f3n, siendo m\u00e1s probable que se\u00a0<\/span><span style=\"color: var( --e-global-color-text ); font-family: var( --e-global-typography-text-font-family ), Sans-serif; font-weight: var( --e-global-typography-text-font-weight ); font-size: 1rem;\">hayan distribuido m\u00e1s horas e inversi\u00f3n en\u00a0<\/span><span style=\"color: var( --e-global-color-text ); font-family: var( --e-global-typography-text-font-family ), Sans-serif; font-weight: var( --e-global-typography-text-font-weight ); font-size: 1rem;\">aquellos grupos ocupacionales donde es m\u00e1s\u00a0<\/span><span style=\"color: var( --e-global-color-text ); font-family: var( --e-global-typography-text-font-family ), Sans-serif; font-weight: var( --e-global-typography-text-font-weight ); font-size: 1rem;\">posible aplicar la modalidad no presencial del\u00a0<\/span><span style=\"color: var( --e-global-color-text ); font-family: var( --e-global-typography-text-font-family ), Sans-serif; font-weight: var( --e-global-typography-text-font-weight ); font-size: 1rem;\">trabajo.<\/span><\/p>\t\t\t\t\t\t<\/div>\n\t\t\t\t<\/div>\n\t\t\t\t\t<\/div>\n\t\t<\/div>\n\t\t\t\t\t\t\t<\/div>\n\t\t<\/section>\n\t\t\t\t<section class=\"elementor-section elementor-top-section elementor-element elementor-element-6ea0083 elementor-section-boxed elementor-section-height-default elementor-section-height-default\" data-id=\"6ea0083\" data-element_type=\"section\">\n\t\t\t\t\t\t<div class=\"elementor-container elementor-column-gap-default\">\n\t\t\t\t\t<div class=\"elementor-column elementor-col-100 elementor-top-column elementor-element elementor-element-f9a7c78\" data-id=\"f9a7c78\" data-element_type=\"column\">\n\t\t\t<div class=\"elementor-widget-wrap elementor-element-populated\">\n\t\t\t\t\t\t\t\t<div class=\"elementor-element elementor-element-c0e8c0a elementor-widget elementor-widget-heading\" data-id=\"c0e8c0a\" data-element_type=\"widget\" data-widget_type=\"heading.default\">\n\t\t\t\t<div class=\"elementor-widget-container\">\n\t\t\t<h2 class=\"elementor-heading-title elementor-size-default\">DISTRIBUCI\u00d3N DE LAS CAPACITACIONES SEG\u00daN METODOLOG\u00cdA<\/h2>\t\t<\/div>\n\t\t\t\t<\/div>\n\t\t\t\t<div class=\"elementor-element elementor-element-d29e5bd elementor-widget elementor-widget-image\" data-id=\"d29e5bd\" data-element_type=\"widget\" data-widget_type=\"image.default\">\n\t\t\t\t<div class=\"elementor-widget-container\">\n\t\t\t\t\t\t\t\t\t\t\t\t\t\t\t<img loading=\"lazy\" decoding=\"async\" width=\"884\" height=\"169\" src=\"https:\/\/ccm-eleva.cl\/efl2021\/\/wp-content\/uploads\/2021\/11\/P31.png\" class=\"attachment-full size-full\" alt=\"\" srcset=\"https:\/\/ccm-eleva.cl\/efl2021\/\/wp-content\/uploads\/2021\/11\/P31.png 884w, https:\/\/ccm-eleva.cl\/efl2021\/\/wp-content\/uploads\/2021\/11\/P31-300x57.png 300w, https:\/\/ccm-eleva.cl\/efl2021\/\/wp-content\/uploads\/2021\/11\/P31-768x147.png 768w\" sizes=\"auto, (max-width: 884px) 100vw, 884px\" \/>\t\t\t\t\t\t\t\t\t\t\t\t\t\t\t<\/div>\n\t\t\t\t<\/div>\n\t\t\t\t<div class=\"elementor-element elementor-element-6f2eebf elementor-widget elementor-widget-text-editor\" data-id=\"6f2eebf\" data-element_type=\"widget\" data-widget_type=\"text-editor.default\">\n\t\t\t\t<div class=\"elementor-widget-container\">\n\t\t\t\t\t\t\t<p>Fuente: Reporte de capacitaci\u00f3n de empresas mineras y empresas proveedoras.<\/p>\t\t\t\t\t\t<\/div>\n\t\t\t\t<\/div>\n\t\t\t\t<section class=\"elementor-section elementor-inner-section elementor-element elementor-element-f436085 elementor-section-boxed elementor-section-height-default elementor-section-height-default\" data-id=\"f436085\" data-element_type=\"section\">\n\t\t\t\t\t\t<div class=\"elementor-container elementor-column-gap-default\">\n\t\t\t\t\t<div class=\"elementor-column elementor-col-50 elementor-inner-column elementor-element elementor-element-5a7c99e\" data-id=\"5a7c99e\" data-element_type=\"column\">\n\t\t\t<div class=\"elementor-widget-wrap elementor-element-populated\">\n\t\t\t\t\t\t\t\t<div class=\"elementor-element elementor-element-ff71a0a elementor-widget elementor-widget-text-editor\" data-id=\"ff71a0a\" data-element_type=\"widget\" data-widget_type=\"text-editor.default\">\n\t\t\t\t<div class=\"elementor-widget-container\">\n\t\t\t\t\t\t\t<p>A ra\u00edz de la pandemia, el tipo de metodolog\u00eda\u00a0<span style=\"color: var( --e-global-color-text ); font-family: var( --e-global-typography-text-font-family ), Sans-serif; font-weight: var( --e-global-typography-text-font-weight ); font-size: 1rem;\">para capacitar a los trabajadores se vio\u00a0<\/span><span style=\"color: var( --e-global-color-text ); font-family: var( --e-global-typography-text-font-family ), Sans-serif; font-weight: var( --e-global-typography-text-font-weight ); font-size: 1rem;\">modificada entre los a\u00f1os de medici\u00f3n, con\u00a0<\/span><span style=\"color: var( --e-global-color-text ); font-family: var( --e-global-typography-text-font-family ), Sans-serif; font-weight: var( --e-global-typography-text-font-weight ); font-size: 1rem;\">un considerable aumento de la modalidad\u00a0<\/span><span style=\"color: var( --e-global-color-text ); font-family: var( --e-global-typography-text-font-family ), Sans-serif; font-weight: var( --e-global-typography-text-font-weight ); font-size: 1rem;\">e-learning, versus las capacitaciones realizadas\u00a0<\/span><span style=\"color: var( --e-global-color-text ); font-family: var( --e-global-typography-text-font-family ), Sans-serif; font-weight: var( --e-global-typography-text-font-weight ); font-size: 1rem;\">presencialmente, tanto en el puesto de trabajo\u00a0<\/span><span style=\"color: var( --e-global-color-text ); font-family: var( --e-global-typography-text-font-family ), Sans-serif; font-weight: var( --e-global-typography-text-font-weight ); font-size: 1rem;\">como en sala.<\/span><\/p>\t\t\t\t\t\t<\/div>\n\t\t\t\t<\/div>\n\t\t\t\t\t<\/div>\n\t\t<\/div>\n\t\t\t\t<div class=\"elementor-column elementor-col-50 elementor-inner-column elementor-element elementor-element-2ffa151\" data-id=\"2ffa151\" data-element_type=\"column\">\n\t\t\t<div class=\"elementor-widget-wrap elementor-element-populated\">\n\t\t\t\t\t\t\t\t<div class=\"elementor-element elementor-element-2baa39f elementor-widget elementor-widget-text-editor\" data-id=\"2baa39f\" data-element_type=\"widget\" data-widget_type=\"text-editor.default\">\n\t\t\t\t<div class=\"elementor-widget-container\">\n\t\t\t\t\t\t\t<p>Es m\u00e1s probable que se&nbsp;<span style=\"background-color: var( --e-global-color-accent );\">hayan distribuido m\u00e1s horas&nbsp;<\/span><span style=\"background-color: var( --e-global-color-accent );\">e inversi\u00f3n en aquellos&nbsp;<\/span><span style=\"background-color: var( --e-global-color-accent );\">grupos ocupacionales&nbsp;donde es&nbsp;<\/span><span style=\"background-color: var( --e-global-color-accent );\">m\u00e1s posible aplicar la&nbsp;<\/span><span style=\"background-color: var( --e-global-color-accent );\">modalidad no presencial&nbsp;<\/span><span style=\"background-color: var( --e-global-color-accent );\">del trabajo.<\/span><\/p>\t\t\t\t\t\t<\/div>\n\t\t\t\t<\/div>\n\t\t\t\t\t<\/div>\n\t\t<\/div>\n\t\t\t\t\t\t\t<\/div>\n\t\t<\/section>\n\t\t\t\t\t<\/div>\n\t\t<\/div>\n\t\t\t\t\t\t\t<\/div>\n\t\t<\/section>\n\t\t\t\t<section class=\"elementor-section elementor-top-section elementor-element elementor-element-7ee523f elementor-section-boxed elementor-section-height-default elementor-section-height-default\" data-id=\"7ee523f\" data-element_type=\"section\">\n\t\t\t\t\t\t<div class=\"elementor-container elementor-column-gap-default\">\n\t\t\t\t\t<div class=\"elementor-column elementor-col-100 elementor-top-column elementor-element elementor-element-40c76df\" data-id=\"40c76df\" data-element_type=\"column\">\n\t\t\t<div class=\"elementor-widget-wrap elementor-element-populated\">\n\t\t\t\t\t\t\t\t<div class=\"elementor-element elementor-element-36497a9 elementor-widget elementor-widget-heading\" data-id=\"36497a9\" data-element_type=\"widget\" data-widget_type=\"heading.default\">\n\t\t\t\t<div class=\"elementor-widget-container\">\n\t\t\t<h2 class=\"elementor-heading-title elementor-size-default\">PRINCIPALES RAZONES DE LAS EMPRESAS PARA CAPACITAR A LOS TRABAJADORES<\/h2>\t\t<\/div>\n\t\t\t\t<\/div>\n\t\t\t\t<div class=\"elementor-element elementor-element-36e9e88 elementor-widget elementor-widget-image\" data-id=\"36e9e88\" data-element_type=\"widget\" data-widget_type=\"image.default\">\n\t\t\t\t<div class=\"elementor-widget-container\">\n\t\t\t\t\t\t\t\t\t\t\t\t\t\t\t<img loading=\"lazy\" decoding=\"async\" width=\"882\" height=\"261\" src=\"https:\/\/ccm-eleva.cl\/efl2021\/\/wp-content\/uploads\/2021\/11\/P32.png\" class=\"attachment-full size-full\" alt=\"\" srcset=\"https:\/\/ccm-eleva.cl\/efl2021\/\/wp-content\/uploads\/2021\/11\/P32.png 882w, https:\/\/ccm-eleva.cl\/efl2021\/\/wp-content\/uploads\/2021\/11\/P32-300x89.png 300w, https:\/\/ccm-eleva.cl\/efl2021\/\/wp-content\/uploads\/2021\/11\/P32-768x227.png 768w\" sizes=\"auto, (max-width: 882px) 100vw, 882px\" \/>\t\t\t\t\t\t\t\t\t\t\t\t\t\t\t<\/div>\n\t\t\t\t<\/div>\n\t\t\t\t<div class=\"elementor-element elementor-element-08d0e4d elementor-widget elementor-widget-text-editor\" data-id=\"08d0e4d\" data-element_type=\"widget\" data-widget_type=\"text-editor.default\">\n\t\t\t\t<div class=\"elementor-widget-container\">\n\t\t\t\t\t\t\t<p>Fuente: Encuesta a empresas mineras y proveedoras.<\/p>\t\t\t\t\t\t<\/div>\n\t\t\t\t<\/div>\n\t\t\t\t<div class=\"elementor-element elementor-element-b9fe157 elementor-widget elementor-widget-text-editor\" data-id=\"b9fe157\" data-element_type=\"widget\" data-widget_type=\"text-editor.default\">\n\t\t\t\t<div class=\"elementor-widget-container\">\n\t\t\t\t\t\t\t<p>Los principales objetivos de las capacitaciones\u00a0<span style=\"color: var( --e-global-color-text ); font-family: var( --e-global-typography-text-font-family ), Sans-serif; font-weight: var( --e-global-typography-text-font-weight ); font-size: 1rem;\">durante el 2020 fueron disminuir brechas en\u00a0<\/span><span style=\"color: var( --e-global-color-text ); font-family: var( --e-global-typography-text-font-family ), Sans-serif; font-weight: var( --e-global-typography-text-font-weight ); font-size: 1rem;\">competencias t\u00e9cnicas y el cumplimiento de\u00a0<\/span><span style=\"color: var( --e-global-color-text ); font-family: var( --e-global-typography-text-font-family ), Sans-serif; font-weight: var( --e-global-typography-text-font-weight ); font-size: 1rem;\">est\u00e1ndares de seguridad laboral.<\/span><\/p><p>Por otro lado, un porcentaje menor (17%) de las\u00a0<span style=\"color: var( --e-global-color-text ); font-family: var( --e-global-typography-text-font-family ), Sans-serif; font-weight: var( --e-global-typography-text-font-weight ); font-size: 1rem;\">empresas capacit\u00f3 a sus trabajadores en el uso\u00a0<\/span><span style=\"color: var( --e-global-color-text ); font-family: var( --e-global-typography-text-font-family ), Sans-serif; font-weight: var( --e-global-typography-text-font-weight ); font-size: 1rem;\">y habilidades tecnol\u00f3gicas.<\/span><\/p>\t\t\t\t\t\t<\/div>\n\t\t\t\t<\/div>\n\t\t\t\t\t<\/div>\n\t\t<\/div>\n\t\t\t\t\t\t\t<\/div>\n\t\t<\/section>\n\t\t\t\t<section class=\"elementor-section elementor-top-section elementor-element elementor-element-5229703 elementor-section-boxed elementor-section-height-default elementor-section-height-default\" data-id=\"5229703\" data-element_type=\"section\">\n\t\t\t\t\t\t<div class=\"elementor-container elementor-column-gap-default\">\n\t\t\t\t\t<div class=\"elementor-column elementor-col-100 elementor-top-column elementor-element elementor-element-c475676\" data-id=\"c475676\" data-element_type=\"column\">\n\t\t\t<div class=\"elementor-widget-wrap elementor-element-populated\">\n\t\t\t\t\t\t\t\t<div class=\"elementor-element elementor-element-2243b76 elementor-widget elementor-widget-heading\" data-id=\"2243b76\" data-element_type=\"widget\" data-widget_type=\"heading.default\">\n\t\t\t\t<div class=\"elementor-widget-container\">\n\t\t\t<h2 class=\"elementor-heading-title elementor-size-default\">ALTERNATIVAS USADAS POR LAS EMPRESAS PARA MEDIR EL IMPACTO DE LAS\nCAPACITACIONES<\/h2>\t\t<\/div>\n\t\t\t\t<\/div>\n\t\t\t\t<div class=\"elementor-element elementor-element-4972f35 elementor-widget elementor-widget-image\" data-id=\"4972f35\" data-element_type=\"widget\" data-widget_type=\"image.default\">\n\t\t\t\t<div class=\"elementor-widget-container\">\n\t\t\t\t\t\t\t\t\t\t\t\t\t\t\t<img loading=\"lazy\" decoding=\"async\" width=\"894\" height=\"388\" src=\"https:\/\/ccm-eleva.cl\/efl2021\/\/wp-content\/uploads\/2021\/11\/P33.png\" class=\"attachment-full size-full\" alt=\"\" srcset=\"https:\/\/ccm-eleva.cl\/efl2021\/\/wp-content\/uploads\/2021\/11\/P33.png 894w, https:\/\/ccm-eleva.cl\/efl2021\/\/wp-content\/uploads\/2021\/11\/P33-300x130.png 300w, https:\/\/ccm-eleva.cl\/efl2021\/\/wp-content\/uploads\/2021\/11\/P33-768x333.png 768w\" sizes=\"auto, (max-width: 894px) 100vw, 894px\" \/>\t\t\t\t\t\t\t\t\t\t\t\t\t\t\t<\/div>\n\t\t\t\t<\/div>\n\t\t\t\t<div class=\"elementor-element elementor-element-b8357ba elementor-widget elementor-widget-text-editor\" data-id=\"b8357ba\" data-element_type=\"widget\" data-widget_type=\"text-editor.default\">\n\t\t\t\t<div class=\"elementor-widget-container\">\n\t\t\t\t\t\t\t<p>Fuente: Encuesta a empresas mineras y proveedoras.<\/p>\t\t\t\t\t\t<\/div>\n\t\t\t\t<\/div>\n\t\t\t\t<div class=\"elementor-element elementor-element-f699580 elementor-widget elementor-widget-text-editor\" data-id=\"f699580\" data-element_type=\"widget\" data-widget_type=\"text-editor.default\">\n\t\t\t\t<div class=\"elementor-widget-container\">\n\t\t\t\t\t\t\t<p>Al consultar a las empresas si aplican\u00a0alguna medici\u00f3n del impacto obtenido de las\u00a0capacitaciones, la gran mayor\u00eda responde que\u00a0mide la satisfacci\u00f3n del personal que particip\u00f3 en\u00a0los cursos, y cerca del 60% aplica evaluaciones\u00a0<span style=\"color: var( --e-global-color-text ); font-family: var( --e-global-typography-text-font-family ), Sans-serif; font-weight: var( --e-global-typography-text-font-weight ); font-size: 1rem;\">posteriores para identificar cambios en el\u00a0<\/span><span style=\"color: var( --e-global-color-text ); font-family: var( --e-global-typography-text-font-family ), Sans-serif; font-weight: var( --e-global-typography-text-font-weight ); font-size: 1rem;\">desempe\u00f1o de los trabajadores en sus puestos\u00a0<\/span><span style=\"color: var( --e-global-color-text ); font-family: var( --e-global-typography-text-font-family ), Sans-serif; font-weight: var( --e-global-typography-text-font-weight ); font-size: 1rem;\">de trabajo.<\/span><\/p>\t\t\t\t\t\t<\/div>\n\t\t\t\t<\/div>\n\t\t\t\t\t<\/div>\n\t\t<\/div>\n\t\t\t\t\t\t\t<\/div>\n\t\t<\/section>\n\t\t\t\t<section class=\"elementor-section elementor-top-section elementor-element elementor-element-8806629 elementor-section-boxed elementor-section-height-default elementor-section-height-default\" data-id=\"8806629\" data-element_type=\"section\">\n\t\t\t\t\t\t<div class=\"elementor-container elementor-column-gap-default\">\n\t\t\t\t\t<div class=\"elementor-column elementor-col-100 elementor-top-column elementor-element elementor-element-5e167a2\" data-id=\"5e167a2\" data-element_type=\"column\">\n\t\t\t<div class=\"elementor-widget-wrap elementor-element-populated\">\n\t\t\t\t\t\t\t\t<div class=\"elementor-element elementor-element-e297766 elementor-widget elementor-widget-heading\" data-id=\"e297766\" data-element_type=\"widget\" data-widget_type=\"heading.default\">\n\t\t\t\t<div class=\"elementor-widget-container\">\n\t\t\t<h2 class=\"elementor-heading-title elementor-size-default\">APRENDICES Y PRACTICANTES EN EMPRESAS MINERAS<\/h2>\t\t<\/div>\n\t\t\t\t<\/div>\n\t\t\t\t<div class=\"elementor-element elementor-element-2380520 elementor-widget elementor-widget-image\" data-id=\"2380520\" data-element_type=\"widget\" data-widget_type=\"image.default\">\n\t\t\t\t<div class=\"elementor-widget-container\">\n\t\t\t\t\t\t\t\t\t\t\t\t\t\t\t<img loading=\"lazy\" decoding=\"async\" width=\"792\" height=\"273\" src=\"https:\/\/ccm-eleva.cl\/efl2021\/\/wp-content\/uploads\/2021\/11\/c4.png\" class=\"attachment-full size-full\" alt=\"\" srcset=\"https:\/\/ccm-eleva.cl\/efl2021\/\/wp-content\/uploads\/2021\/11\/c4.png 792w, https:\/\/ccm-eleva.cl\/efl2021\/\/wp-content\/uploads\/2021\/11\/c4-300x103.png 300w, https:\/\/ccm-eleva.cl\/efl2021\/\/wp-content\/uploads\/2021\/11\/c4-768x265.png 768w\" sizes=\"auto, (max-width: 792px) 100vw, 792px\" \/>\t\t\t\t\t\t\t\t\t\t\t\t\t\t\t<\/div>\n\t\t\t\t<\/div>\n\t\t\t\t\t<\/div>\n\t\t<\/div>\n\t\t\t\t\t\t\t<\/div>\n\t\t<\/section>\n\t\t\t\t<section class=\"elementor-section elementor-top-section elementor-element elementor-element-3b891ef elementor-section-boxed elementor-section-height-default elementor-section-height-default\" data-id=\"3b891ef\" data-element_type=\"section\">\n\t\t\t\t\t\t<div class=\"elementor-container elementor-column-gap-default\">\n\t\t\t\t\t<div class=\"elementor-column elementor-col-100 elementor-top-column elementor-element elementor-element-e0df500\" data-id=\"e0df500\" data-element_type=\"column\">\n\t\t\t<div class=\"elementor-widget-wrap elementor-element-populated\">\n\t\t\t\t\t\t\t\t<div class=\"elementor-element elementor-element-675cccc elementor-widget elementor-widget-text-editor\" data-id=\"675cccc\" data-element_type=\"widget\" data-widget_type=\"text-editor.default\">\n\t\t\t\t<div class=\"elementor-widget-container\">\n\t\t\t\t\t\t\t<p>Fuente: Reporte de empresas mineras y proveedoras.<\/p>\t\t\t\t\t\t<\/div>\n\t\t\t\t<\/div>\n\t\t\t\t<div class=\"elementor-element elementor-element-c4e3279 elementor-widget elementor-widget-text-editor\" data-id=\"c4e3279\" data-element_type=\"widget\" data-widget_type=\"text-editor.default\">\n\t\t\t\t<div class=\"elementor-widget-container\">\n\t\t\t\t\t\t\t<p>La apertura de plazas de pr\u00e1ctica y aprendizaje\u00a0<span style=\"color: var( --e-global-color-text ); font-family: var( --e-global-typography-text-font-family ), Sans-serif; font-weight: var( --e-global-typography-text-font-weight ); font-size: 1rem;\">disminuyeron considerablemente (54%) en\u00a0<\/span><span style=\"color: var( --e-global-color-text ); font-family: var( --e-global-typography-text-font-family ), Sans-serif; font-weight: var( --e-global-typography-text-font-weight ); font-size: 1rem;\">comparaci\u00f3n con lo observado en 2018, as\u00ed\u00a0<\/span><span style=\"color: var( --e-global-color-text ); font-family: var( --e-global-typography-text-font-family ), Sans-serif; font-weight: var( --e-global-typography-text-font-weight ); font-size: 1rem;\">como tambi\u00e9n la cantidad de tutores disponibles.<\/span><\/p><p>Sin embargo, al observar la tasa promedio de\u00a0<span style=\"color: var( --e-global-color-text ); font-family: var( --e-global-typography-text-font-family ), Sans-serif; font-weight: var( --e-global-typography-text-font-weight ); font-size: 1rem;\">contrataci\u00f3n de aprendices y practicantes en\u00a0<\/span><span style=\"color: var( --e-global-color-text ); font-family: var( --e-global-typography-text-font-family ), Sans-serif; font-weight: var( --e-global-typography-text-font-weight ); font-size: 1rem;\">conjunto, la disminuci\u00f3n es de solo 2 puntos\u00a0<\/span><span style=\"color: var( --e-global-color-text ); font-family: var( --e-global-typography-text-font-family ), Sans-serif; font-weight: var( --e-global-typography-text-font-weight ); font-size: 1rem;\">porcentuales, alcanzando para el 2020 una tasa\u00a0<\/span><span style=\"color: var( --e-global-color-text ); font-family: var( --e-global-typography-text-font-family ), Sans-serif; font-weight: var( --e-global-typography-text-font-weight ); font-size: 1rem;\">promedio de contrataci\u00f3n por empresa del 21%\u00a0<\/span><span style=\"color: var( --e-global-color-text ); font-family: var( --e-global-typography-text-font-family ), Sans-serif; font-weight: var( --e-global-typography-text-font-weight ); font-size: 1rem;\">del total de personas admitidas.<\/span><\/p>\t\t\t\t\t\t<\/div>\n\t\t\t\t<\/div>\n\t\t\t\t\t<\/div>\n\t\t<\/div>\n\t\t\t\t\t\t\t<\/div>\n\t\t<\/section>\n\t\t\t\t<section class=\"elementor-section elementor-top-section elementor-element elementor-element-d9883bb elementor-section-boxed elementor-section-height-default elementor-section-height-default\" data-id=\"d9883bb\" data-element_type=\"section\">\n\t\t\t\t\t\t<div class=\"elementor-container elementor-column-gap-default\">\n\t\t\t\t\t<div class=\"elementor-column elementor-col-100 elementor-top-column elementor-element elementor-element-a6abfe5\" data-id=\"a6abfe5\" data-element_type=\"column\">\n\t\t\t<div class=\"elementor-widget-wrap elementor-element-populated\">\n\t\t\t\t\t\t\t\t<div class=\"elementor-element elementor-element-108f0cd elementor-widget elementor-widget-heading\" data-id=\"108f0cd\" data-element_type=\"widget\" data-widget_type=\"heading.default\">\n\t\t\t\t<div class=\"elementor-widget-container\">\n\t\t\t<h2 class=\"elementor-heading-title elementor-size-default\">EMPRESAS QUE PRESENTARON DIFICULTADES EN LA CONTRATACI\u00d3N DURANTE EL \u00daLTIMO A\u00d1O, SEG\u00daN GRUPO OCUPACIONAL<\/h2>\t\t<\/div>\n\t\t\t\t<\/div>\n\t\t\t\t<div class=\"elementor-element elementor-element-7cf3e99 elementor-widget elementor-widget-image\" data-id=\"7cf3e99\" data-element_type=\"widget\" data-widget_type=\"image.default\">\n\t\t\t\t<div class=\"elementor-widget-container\">\n\t\t\t\t\t\t\t\t\t\t\t\t\t\t\t<img loading=\"lazy\" decoding=\"async\" width=\"855\" height=\"217\" src=\"https:\/\/ccm-eleva.cl\/efl2021\/\/wp-content\/uploads\/2021\/11\/c5.png\" class=\"attachment-full size-full\" alt=\"\" srcset=\"https:\/\/ccm-eleva.cl\/efl2021\/\/wp-content\/uploads\/2021\/11\/c5.png 855w, https:\/\/ccm-eleva.cl\/efl2021\/\/wp-content\/uploads\/2021\/11\/c5-300x76.png 300w, https:\/\/ccm-eleva.cl\/efl2021\/\/wp-content\/uploads\/2021\/11\/c5-768x195.png 768w\" sizes=\"auto, (max-width: 855px) 100vw, 855px\" \/>\t\t\t\t\t\t\t\t\t\t\t\t\t\t\t<\/div>\n\t\t\t\t<\/div>\n\t\t\t\t<div class=\"elementor-element elementor-element-73fec23 elementor-widget elementor-widget-text-editor\" data-id=\"73fec23\" data-element_type=\"widget\" data-widget_type=\"text-editor.default\">\n\t\t\t\t<div class=\"elementor-widget-container\">\n\t\t\t\t\t\t\t<p>Fuente: Encuesta a empresas mineras y proveedoras.<\/p>\t\t\t\t\t\t<\/div>\n\t\t\t\t<\/div>\n\t\t\t\t<div class=\"elementor-element elementor-element-81a4e91 elementor-widget elementor-widget-text-editor\" data-id=\"81a4e91\" data-element_type=\"widget\" data-widget_type=\"text-editor.default\">\n\t\t\t\t<div class=\"elementor-widget-container\">\n\t\t\t\t\t\t\t<p>Se consult\u00f3 a las empresas participantes si\u00a0tuvieron alguna dificultad en la contrataci\u00f3n\u00a0de trabajadores en los distintos grupos ocupacionales.\u00a0En las respuestas, destaca que un 45% indic\u00f3\u00a0dificultades para contratar Mantenedores y un\u00a041% en el caso de los Operadores. En el caso\u00a0<span style=\"color: var( --e-global-color-text ); font-family: var( --e-global-typography-text-font-family ), Sans-serif; font-weight: var( --e-global-typography-text-font-weight ); font-size: 1rem;\">de los Supervisores y Profesionales, cerca de\u00a0<\/span><span style=\"color: var( --e-global-color-text ); font-family: var( --e-global-typography-text-font-family ), Sans-serif; font-weight: var( --e-global-typography-text-font-weight ); font-size: 1rem;\">un tercio de los consultados manifest\u00f3 alg\u00fan\u00a0<\/span><span style=\"color: var( --e-global-color-text ); font-family: var( --e-global-typography-text-font-family ), Sans-serif; font-weight: var( --e-global-typography-text-font-weight ); font-size: 1rem;\">grado de dificultad.<\/span><\/p>\t\t\t\t\t\t<\/div>\n\t\t\t\t<\/div>\n\t\t\t\t\t<\/div>\n\t\t<\/div>\n\t\t\t\t\t\t\t<\/div>\n\t\t<\/section>\n\t\t\t\t<section class=\"elementor-section elementor-top-section elementor-element elementor-element-8fa31c8 elementor-section-boxed elementor-section-height-default elementor-section-height-default\" data-id=\"8fa31c8\" data-element_type=\"section\">\n\t\t\t\t\t\t<div class=\"elementor-container elementor-column-gap-default\">\n\t\t\t\t\t<div class=\"elementor-column elementor-col-100 elementor-top-column elementor-element elementor-element-c418e57\" data-id=\"c418e57\" data-element_type=\"column\">\n\t\t\t<div class=\"elementor-widget-wrap elementor-element-populated\">\n\t\t\t\t\t\t\t\t<div class=\"elementor-element elementor-element-518c9a3 elementor-widget elementor-widget-heading\" data-id=\"518c9a3\" data-element_type=\"widget\" data-widget_type=\"heading.default\">\n\t\t\t\t<div class=\"elementor-widget-container\">\n\t\t\t<h2 class=\"elementor-heading-title elementor-size-default\">PRINCIPALES DIFICULTADES EN LA CONTRATACI\u00d3N DURANTE EL \u00daLTIMO A\u00d1O POR ESTAMENTO<\/h2>\t\t<\/div>\n\t\t\t\t<\/div>\n\t\t\t\t<div class=\"elementor-element elementor-element-3d4b5f5 elementor-widget elementor-widget-image\" data-id=\"3d4b5f5\" data-element_type=\"widget\" data-widget_type=\"image.default\">\n\t\t\t\t<div class=\"elementor-widget-container\">\n\t\t\t\t\t\t\t\t\t\t\t\t\t\t\t<img loading=\"lazy\" decoding=\"async\" width=\"894\" height=\"272\" src=\"https:\/\/ccm-eleva.cl\/efl2021\/\/wp-content\/uploads\/2021\/11\/P36.png\" class=\"attachment-full size-full\" alt=\"\" srcset=\"https:\/\/ccm-eleva.cl\/efl2021\/\/wp-content\/uploads\/2021\/11\/P36.png 894w, https:\/\/ccm-eleva.cl\/efl2021\/\/wp-content\/uploads\/2021\/11\/P36-300x91.png 300w, https:\/\/ccm-eleva.cl\/efl2021\/\/wp-content\/uploads\/2021\/11\/P36-768x234.png 768w\" sizes=\"auto, (max-width: 894px) 100vw, 894px\" \/>\t\t\t\t\t\t\t\t\t\t\t\t\t\t\t<\/div>\n\t\t\t\t<\/div>\n\t\t\t\t<div class=\"elementor-element elementor-element-479bb65 elementor-widget elementor-widget-text-editor\" data-id=\"479bb65\" data-element_type=\"widget\" data-widget_type=\"text-editor.default\">\n\t\t\t\t<div class=\"elementor-widget-container\">\n\t\t\t\t\t\t\t<p>Fuente: Encuesta a empresas mineras y proveedoras.<\/p>\t\t\t\t\t\t<\/div>\n\t\t\t\t<\/div>\n\t\t\t\t<section class=\"elementor-section elementor-inner-section elementor-element elementor-element-3afed28 elementor-section-boxed elementor-section-height-default elementor-section-height-default\" data-id=\"3afed28\" data-element_type=\"section\">\n\t\t\t\t\t\t<div class=\"elementor-container elementor-column-gap-default\">\n\t\t\t\t\t<div class=\"elementor-column elementor-col-50 elementor-inner-column elementor-element elementor-element-ee51d92\" data-id=\"ee51d92\" data-element_type=\"column\">\n\t\t\t<div class=\"elementor-widget-wrap elementor-element-populated\">\n\t\t\t\t\t\t\t\t<div class=\"elementor-element elementor-element-38d6edd elementor-widget elementor-widget-text-editor\" data-id=\"38d6edd\" data-element_type=\"widget\" data-widget_type=\"text-editor.default\">\n\t\t\t\t<div class=\"elementor-widget-container\">\n\t\t\t\t\t\t\t<p>Al consultar por las principales dificultades, en\u00a0<span style=\"color: var( --e-global-color-text ); font-family: var( --e-global-typography-text-font-family ), Sans-serif; font-weight: var( --e-global-typography-text-font-weight ); font-size: 1rem;\">el caso de los Mantenedores y Operadores, las\u00a0<\/span><span style=\"color: var( --e-global-color-text ); font-family: var( --e-global-typography-text-font-family ), Sans-serif; font-weight: var( --e-global-typography-text-font-weight ); font-size: 1rem;\">empresas se\u00f1alan en primera opci\u00f3n la poca\u00a0<\/span><span style=\"color: var( --e-global-color-text ); font-family: var( --e-global-typography-text-font-family ), Sans-serif; font-weight: var( --e-global-typography-text-font-weight ); font-size: 1rem;\">disponibilidad de oferta en el mercado, seguido\u00a0<\/span><span style=\"color: var( --e-global-color-text ); font-family: var( --e-global-typography-text-font-family ), Sans-serif; font-weight: var( --e-global-typography-text-font-weight ); font-size: 1rem;\">por la falta de candidatos con calificaciones\u00a0<\/span><span style=\"color: var( --e-global-color-text ); font-family: var( --e-global-typography-text-font-family ), Sans-serif; font-weight: var( --e-global-typography-text-font-weight ); font-size: 1rem;\">adecuadas y, en tercera opci\u00f3n, por falta de\u00a0<\/span><span style=\"color: var( --e-global-color-text ); font-family: var( --e-global-typography-text-font-family ), Sans-serif; font-weight: var( --e-global-typography-text-font-weight ); font-size: 1rem;\">experiencia laboral. Respecto de la contrataci\u00f3n\u00a0<\/span><span style=\"color: var( --e-global-color-text ); font-family: var( --e-global-typography-text-font-family ), Sans-serif; font-weight: var( --e-global-typography-text-font-weight ); font-size: 1rem;\">de Supervisores y Profesionales, la principal\u00a0<\/span><span style=\"color: var( --e-global-color-text ); font-family: var( --e-global-typography-text-font-family ), Sans-serif; font-weight: var( --e-global-typography-text-font-weight ); font-size: 1rem;\">dificultad est\u00e1 en la falta de candidatos\u00a0<\/span><span style=\"color: var( --e-global-color-text ); font-family: var( --e-global-typography-text-font-family ), Sans-serif; font-weight: var( --e-global-typography-text-font-weight ); font-size: 1rem;\">calificados.<\/span><\/p>\t\t\t\t\t\t<\/div>\n\t\t\t\t<\/div>\n\t\t\t\t\t<\/div>\n\t\t<\/div>\n\t\t\t\t<div class=\"elementor-column elementor-col-50 elementor-inner-column elementor-element elementor-element-1db9219\" data-id=\"1db9219\" data-element_type=\"column\">\n\t\t\t<div class=\"elementor-widget-wrap elementor-element-populated\">\n\t\t\t\t\t\t\t\t<div class=\"elementor-element elementor-element-991a377 elementor-widget elementor-widget-text-editor\" data-id=\"991a377\" data-element_type=\"widget\" data-widget_type=\"text-editor.default\">\n\t\t\t\t<div class=\"elementor-widget-container\">\n\t\t\t\t\t\t\t<p>Las empresas se\u00f1alan en\u00a0<span style=\"background-color: var( --e-global-color-accent );\">primera opci\u00f3n la poca\u00a0<\/span><span style=\"background-color: var( --e-global-color-accent );\">disponibilidad de oferta en\u00a0<\/span><span style=\"background-color: var( --e-global-color-accent );\">el mercado, seguido por\u00a0<\/span><span style=\"background-color: var( --e-global-color-accent );\">la falta de candidatos con\u00a0<\/span><span style=\"background-color: var( --e-global-color-accent );\">calificaciones adecuadas.<\/span><\/p>\t\t\t\t\t\t<\/div>\n\t\t\t\t<\/div>\n\t\t\t\t\t<\/div>\n\t\t<\/div>\n\t\t\t\t\t\t\t<\/div>\n\t\t<\/section>\n\t\t\t\t\t<\/div>\n\t\t<\/div>\n\t\t\t\t\t\t\t<\/div>\n\t\t<\/section>\n\t\t\t\t<section class=\"elementor-section elementor-top-section elementor-element elementor-element-b46f658 elementor-section-boxed elementor-section-height-default elementor-section-height-default\" data-id=\"b46f658\" data-element_type=\"section\">\n\t\t\t\t\t\t<div class=\"elementor-container elementor-column-gap-default\">\n\t\t\t\t\t<div class=\"elementor-column elementor-col-100 elementor-top-column elementor-element elementor-element-8b3d9c9\" data-id=\"8b3d9c9\" data-element_type=\"column\">\n\t\t\t<div class=\"elementor-widget-wrap elementor-element-populated\">\n\t\t\t\t\t\t\t\t<div class=\"elementor-element elementor-element-7cb2288 elementor-widget elementor-widget-heading\" data-id=\"7cb2288\" data-element_type=\"widget\" data-widget_type=\"heading.default\">\n\t\t\t\t<div class=\"elementor-widget-container\">\n\t\t\t<h2 class=\"elementor-heading-title elementor-size-default\">EMPRESAS QUE CONSIDERAN INSUFICIENTE LA FORMACI\u00d3N DE CIERTAS COMPETENCIAS, SEG\u00daN GRUPO OCUPACIONAL<\/h2>\t\t<\/div>\n\t\t\t\t<\/div>\n\t\t\t\t<div class=\"elementor-element elementor-element-433f776 elementor-widget elementor-widget-image\" data-id=\"433f776\" data-element_type=\"widget\" data-widget_type=\"image.default\">\n\t\t\t\t<div class=\"elementor-widget-container\">\n\t\t\t\t\t\t\t\t\t\t\t\t\t\t\t<img loading=\"lazy\" decoding=\"async\" width=\"888\" height=\"247\" src=\"https:\/\/ccm-eleva.cl\/efl2021\/\/wp-content\/uploads\/2021\/11\/P37.png\" class=\"attachment-full size-full\" alt=\"\" srcset=\"https:\/\/ccm-eleva.cl\/efl2021\/\/wp-content\/uploads\/2021\/11\/P37.png 888w, https:\/\/ccm-eleva.cl\/efl2021\/\/wp-content\/uploads\/2021\/11\/P37-300x83.png 300w, https:\/\/ccm-eleva.cl\/efl2021\/\/wp-content\/uploads\/2021\/11\/P37-768x214.png 768w\" sizes=\"auto, (max-width: 888px) 100vw, 888px\" \/>\t\t\t\t\t\t\t\t\t\t\t\t\t\t\t<\/div>\n\t\t\t\t<\/div>\n\t\t\t\t<div class=\"elementor-element elementor-element-10f3165 elementor-widget elementor-widget-text-editor\" data-id=\"10f3165\" data-element_type=\"widget\" data-widget_type=\"text-editor.default\">\n\t\t\t\t<div class=\"elementor-widget-container\">\n\t\t\t\t\t\t\t<p>Fuente: Encuesta a empresas mineras y proveedoras.<\/p>\t\t\t\t\t\t<\/div>\n\t\t\t\t<\/div>\n\t\t\t\t<div class=\"elementor-element elementor-element-8ec9f1b elementor-widget elementor-widget-text-editor\" data-id=\"8ec9f1b\" data-element_type=\"widget\" data-widget_type=\"text-editor.default\">\n\t\t\t\t<div class=\"elementor-widget-container\">\n\t\t\t\t\t\t\t<p>Tambi\u00e9n se les pregunt\u00f3 qu\u00e9 tan adecuada era la&nbsp;<span style=\"color: var( --e-global-color-text ); font-family: var( --e-global-typography-text-font-family ), Sans-serif; font-weight: var( --e-global-typography-text-font-weight ); font-size: 1rem;\">formaci\u00f3n de los grupos ocupacionales en ciertas&nbsp;<\/span><span style=\"color: var( --e-global-color-text ); font-family: var( --e-global-typography-text-font-family ), Sans-serif; font-weight: var( --e-global-typography-text-font-weight ); font-size: 1rem;\">competencias. En el caso de las competencias&nbsp;<\/span><span style=\"color: var( --e-global-color-text ); font-family: var( --e-global-typography-text-font-family ), Sans-serif; font-weight: var( --e-global-typography-text-font-weight ); font-size: 1rem;\">digitales, relacionadas con el manejo de nuevas&nbsp;<\/span><span style=\"color: var( --e-global-color-text ); font-family: var( --e-global-typography-text-font-family ), Sans-serif; font-weight: var( --e-global-typography-text-font-weight ); font-size: 1rem;\">tecnolog\u00edas, la mayor\u00eda de las empresas las&nbsp;<\/span><span style=\"color: var( --e-global-color-text ); font-family: var( --e-global-typography-text-font-family ), Sans-serif; font-weight: var( --e-global-typography-text-font-weight ); font-size: 1rem;\">calific\u00f3 como insuficientes en los grupos&nbsp;<\/span>ocupacionales de Operadores y Mantenedores,&nbsp;<span style=\"color: var( --e-global-color-text ); font-family: var( --e-global-typography-text-font-family ), Sans-serif; font-weight: var( --e-global-typography-text-font-weight ); font-size: 1rem;\">con un 69,% y 65,5% respectivamente. Respecto&nbsp;<\/span><span style=\"color: var( --e-global-color-text ); font-family: var( --e-global-typography-text-font-family ), Sans-serif; font-weight: var( --e-global-typography-text-font-weight ); font-size: 1rem;\">a las competencias conductuales, un tercio de&nbsp;<\/span><span style=\"color: var( --e-global-color-text ); font-family: var( --e-global-typography-text-font-family ), Sans-serif; font-weight: var( --e-global-typography-text-font-weight ); font-size: 1rem;\">las empresas se\u00f1alan un nivel insuficiente para&nbsp;<\/span><span style=\"color: var( --e-global-color-text ); font-family: var( --e-global-typography-text-font-family ), Sans-serif; font-weight: var( --e-global-typography-text-font-weight ); font-size: 1rem;\">Mantenedores y Supervisores.<\/span><\/p>\t\t\t\t\t\t<\/div>\n\t\t\t\t<\/div>\n\t\t\t\t\t<\/div>\n\t\t<\/div>\n\t\t\t\t\t\t\t<\/div>\n\t\t<\/section>\n\t\t\t\t\t\t<\/div>\n\t\t\t\t\t<\/div>\n\t\t","protected":false},"excerpt":{"rendered":"<p>Panorama actual del capital humano de la Gran Miner\u00eda MODELO DE GESTI\u00d3N \u00bfLa empresa utiliza un modelo de gesti\u00f3n de personas basado en competencias? En casi el 80% de las empresas participantes\u00a0de la encuesta, las \u00e1reas de recursos humanos\u00a0est\u00e1n aplicando un modelo de gesti\u00f3n basado\u00a0en competencias, con el prop\u00f3sito de disponer\u00a0del personal adecuado a las [&hellip;]<\/p>\n","protected":false},"author":1,"featured_media":0,"parent":1011,"menu_order":0,"comment_status":"closed","ping_status":"closed","template":"","meta":{"om_disable_all_campaigns":false,"_mi_skip_tracking":false,"footnotes":""},"class_list":["post-1023","page","type-page","status-publish","hentry"],"aioseo_notices":[],"_links":{"self":[{"href":"https:\/\/ccm-eleva.cl\/efl2021\/wp-json\/wp\/v2\/pages\/1023","targetHints":{"allow":["GET"]}}],"collection":[{"href":"https:\/\/ccm-eleva.cl\/efl2021\/wp-json\/wp\/v2\/pages"}],"about":[{"href":"https:\/\/ccm-eleva.cl\/efl2021\/wp-json\/wp\/v2\/types\/page"}],"author":[{"embeddable":true,"href":"https:\/\/ccm-eleva.cl\/efl2021\/wp-json\/wp\/v2\/users\/1"}],"replies":[{"embeddable":true,"href":"https:\/\/ccm-eleva.cl\/efl2021\/wp-json\/wp\/v2\/comments?post=1023"}],"version-history":[{"count":34,"href":"https:\/\/ccm-eleva.cl\/efl2021\/wp-json\/wp\/v2\/pages\/1023\/revisions"}],"predecessor-version":[{"id":2286,"href":"https:\/\/ccm-eleva.cl\/efl2021\/wp-json\/wp\/v2\/pages\/1023\/revisions\/2286"}],"up":[{"embeddable":true,"href":"https:\/\/ccm-eleva.cl\/efl2021\/wp-json\/wp\/v2\/pages\/1011"}],"wp:attachment":[{"href":"https:\/\/ccm-eleva.cl\/efl2021\/wp-json\/wp\/v2\/media?parent=1023"}],"curies":[{"name":"wp","href":"https:\/\/api.w.org\/{rel}","templated":true}]}}