{"id":155,"date":"2021-11-16T19:32:07","date_gmt":"2021-11-16T19:32:07","guid":{"rendered":"http:\/\/efl2021.local\/?page_id=155"},"modified":"2022-03-15T15:04:56","modified_gmt":"2022-03-15T15:04:56","slug":"indicadores-de-empleo","status":"publish","type":"page","link":"https:\/\/ccm-eleva.cl\/efl2021\/panorama-actual\/indicadores-de-empleo\/","title":{"rendered":"Indicadores de empleo"},"content":{"rendered":"\t\t<div data-elementor-type=\"wp-page\" data-elementor-id=\"155\" class=\"elementor elementor-155\" data-elementor-settings=\"[]\">\n\t\t\t\t\t\t\t<div class=\"elementor-section-wrap\">\n\t\t\t\t\t\t\t<section class=\"elementor-section elementor-top-section elementor-element elementor-element-79b79d2 elementor-section-full_width elementor-section-height-default elementor-section-height-default\" data-id=\"79b79d2\" data-element_type=\"section\">\n\t\t\t\t\t\t<div class=\"elementor-container elementor-column-gap-default\">\n\t\t\t\t\t<div class=\"elementor-column elementor-col-100 elementor-top-column elementor-element elementor-element-6187a6c\" data-id=\"6187a6c\" data-element_type=\"column\">\n\t\t\t<div class=\"elementor-widget-wrap elementor-element-populated\">\n\t\t\t\t\t\t\t\t<div class=\"elementor-element elementor-element-14ed5a1 elementor--h-position-right elementor--v-position-middle elementor-arrows-position-inside elementor-pagination-position-inside elementor-widget elementor-widget-slides\" data-id=\"14ed5a1\" data-element_type=\"widget\" data-settings=\"{&quot;navigation&quot;:&quot;both&quot;,&quot;autoplay&quot;:&quot;yes&quot;,&quot;pause_on_hover&quot;:&quot;yes&quot;,&quot;pause_on_interaction&quot;:&quot;yes&quot;,&quot;autoplay_speed&quot;:5000,&quot;infinite&quot;:&quot;yes&quot;,&quot;transition&quot;:&quot;slide&quot;,&quot;transition_speed&quot;:500}\" data-widget_type=\"slides.default\">\n\t\t\t\t<div class=\"elementor-widget-container\">\n\t\t\t\t\t<div class=\"elementor-swiper\">\n\t\t\t<div class=\"elementor-slides-wrapper elementor-main-swiper swiper-container\" dir=\"ltr\" data-animation=\"\">\n\t\t\t\t<div class=\"swiper-wrapper elementor-slides\">\n\t\t\t\t\t\t\t\t\t\t<div class=\"elementor-repeater-item-f04da12 swiper-slide\"><div class=\"swiper-slide-bg\"><\/div><div class=\"swiper-slide-inner\" ><div class=\"swiper-slide-contents\"><div class=\"elementor-slide-heading\">Panorama actual del capital humano de la Gran Miner\u00eda<\/div><div class=\"elementor-slide-description\"><span style=\"font-size:1.6rem\">Estudio Fuerza Laboral Gran Miner\u00eda Chilena 2021 - 2030<\/span><\/div><\/div><\/div><\/div>\t\t\t\t<\/div>\n\t\t\t\t\t\t\t<\/div>\n\t\t<\/div>\n\t\t\t\t<\/div>\n\t\t\t\t<\/div>\n\t\t\t\t\t<\/div>\n\t\t<\/div>\n\t\t\t\t\t\t\t<\/div>\n\t\t<\/section>\n\t\t\t\t<section class=\"elementor-section elementor-top-section elementor-element elementor-element-177ce5a elementor-section-boxed elementor-section-height-default elementor-section-height-default\" data-id=\"177ce5a\" data-element_type=\"section\" data-settings=\"{&quot;background_background&quot;:&quot;classic&quot;}\">\n\t\t\t\t\t\t<div class=\"elementor-container elementor-column-gap-default\">\n\t\t\t\t\t<div class=\"elementor-column elementor-col-100 elementor-top-column elementor-element elementor-element-16252fa\" data-id=\"16252fa\" data-element_type=\"column\">\n\t\t\t<div class=\"elementor-widget-wrap elementor-element-populated\">\n\t\t\t\t\t\t\t\t<div class=\"elementor-element elementor-element-2f77d47 elementor-nav-menu__align-justify elementor-nav-menu--dropdown-none scroll elementor-widget elementor-widget-nav-menu\" data-id=\"2f77d47\" data-element_type=\"widget\" data-settings=\"{&quot;layout&quot;:&quot;horizontal&quot;,&quot;submenu_icon&quot;:{&quot;value&quot;:&quot;&lt;i class=\\&quot;fas fa-caret-down\\&quot;&gt;&lt;\\\/i&gt;&quot;,&quot;library&quot;:&quot;fa-solid&quot;}}\" data-widget_type=\"nav-menu.default\">\n\t\t\t\t<div class=\"elementor-widget-container\">\n\t\t\t\t\t\t<nav migration_allowed=\"1\" migrated=\"0\" role=\"navigation\" class=\"elementor-nav-menu--main elementor-nav-menu__container elementor-nav-menu--layout-horizontal e--pointer-background e--animation-fade\">\n\t\t\t\t<ul id=\"menu-1-2f77d47\" class=\"elementor-nav-menu\"><li class=\"menu-item menu-item-type-post_type menu-item-object-page menu-item-211\"><a href=\"https:\/\/ccm-eleva.cl\/efl2021\/panorama-actual\/indicadores-de-empleo\/\" class=\"elementor-item\">Indicadores de<br> empleo<\/a><\/li>\n<li class=\"menu-item menu-item-type-post_type menu-item-object-page menu-item-1032\"><a href=\"https:\/\/ccm-eleva.cl\/efl2021\/panorama-actual\/caracteristicas-de-la-fuerza-laboral\/\" class=\"elementor-item\">Caracter\u00edsticas de<br> la fuerza laboral<\/a><\/li>\n<li class=\"menu-item menu-item-type-post_type menu-item-object-page menu-item-1031\"><a href=\"https:\/\/ccm-eleva.cl\/efl2021\/panorama-actual\/participacion-de-mujeres-en-la-industria\/\" class=\"elementor-item\">Participaci\u00f3n de mujeres<br> en la industria<\/a><\/li>\n<li class=\"menu-item menu-item-type-post_type menu-item-object-page menu-item-1030\"><a href=\"https:\/\/ccm-eleva.cl\/efl2021\/panorama-actual\/inclusion-y-diversidad\/\" class=\"elementor-item\">Inclusi\u00f3n y<br> diversidad<\/a><\/li>\n<li class=\"menu-item menu-item-type-post_type menu-item-object-page menu-item-1029\"><a href=\"https:\/\/ccm-eleva.cl\/efl2021\/panorama-actual\/empleo-local\/\" class=\"elementor-item\">Empleo local<\/a><\/li>\n<li class=\"menu-item menu-item-type-post_type menu-item-object-page menu-item-1028\"><a href=\"https:\/\/ccm-eleva.cl\/efl2021\/panorama-actual\/gestion-del-talento\/\" class=\"elementor-item\">Gesti\u00f3n del <br>talento<\/a><\/li>\n<li class=\"menu-item menu-item-type-post_type menu-item-object-page menu-item-1027\"><a href=\"https:\/\/ccm-eleva.cl\/efl2021\/panorama-actual\/acciones-frente-al-covid-19\/\" class=\"elementor-item\">Acciones frente<br> al COVID-19<\/a><\/li>\n<li class=\"menu-item menu-item-type-post_type menu-item-object-page menu-item-2164\"><a href=\"https:\/\/ccm-eleva.cl\/efl2021\/panorama-actual\/principales-resultados-panorama-actual\/\" class=\"elementor-item\">Principales<br> resultados<\/a><\/li>\n<\/ul>\t\t\t<\/nav>\n\t\t\t\t\t<div class=\"elementor-menu-toggle\" role=\"button\" tabindex=\"0\" aria-label=\"Menu Toggle\" aria-expanded=\"false\">\n\t\t\t<i aria-hidden=\"true\" role=\"presentation\" class=\"eicon-menu-bar\"><\/i>\t\t\t<span class=\"elementor-screen-only\">Menu<\/span>\n\t\t<\/div>\n\t\t\t<nav class=\"elementor-nav-menu--dropdown elementor-nav-menu__container\" role=\"navigation\" aria-hidden=\"true\">\n\t\t\t\t<ul id=\"menu-2-2f77d47\" class=\"elementor-nav-menu\"><li class=\"menu-item menu-item-type-post_type menu-item-object-page menu-item-211\"><a href=\"https:\/\/ccm-eleva.cl\/efl2021\/panorama-actual\/indicadores-de-empleo\/\" class=\"elementor-item\" tabindex=\"-1\">Indicadores de<br> empleo<\/a><\/li>\n<li class=\"menu-item menu-item-type-post_type menu-item-object-page menu-item-1032\"><a href=\"https:\/\/ccm-eleva.cl\/efl2021\/panorama-actual\/caracteristicas-de-la-fuerza-laboral\/\" class=\"elementor-item\" tabindex=\"-1\">Caracter\u00edsticas de<br> la fuerza laboral<\/a><\/li>\n<li class=\"menu-item menu-item-type-post_type menu-item-object-page menu-item-1031\"><a href=\"https:\/\/ccm-eleva.cl\/efl2021\/panorama-actual\/participacion-de-mujeres-en-la-industria\/\" class=\"elementor-item\" tabindex=\"-1\">Participaci\u00f3n de mujeres<br> en la industria<\/a><\/li>\n<li class=\"menu-item menu-item-type-post_type menu-item-object-page menu-item-1030\"><a href=\"https:\/\/ccm-eleva.cl\/efl2021\/panorama-actual\/inclusion-y-diversidad\/\" class=\"elementor-item\" tabindex=\"-1\">Inclusi\u00f3n y<br> diversidad<\/a><\/li>\n<li class=\"menu-item menu-item-type-post_type menu-item-object-page menu-item-1029\"><a href=\"https:\/\/ccm-eleva.cl\/efl2021\/panorama-actual\/empleo-local\/\" class=\"elementor-item\" tabindex=\"-1\">Empleo local<\/a><\/li>\n<li class=\"menu-item menu-item-type-post_type menu-item-object-page menu-item-1028\"><a href=\"https:\/\/ccm-eleva.cl\/efl2021\/panorama-actual\/gestion-del-talento\/\" class=\"elementor-item\" tabindex=\"-1\">Gesti\u00f3n del <br>talento<\/a><\/li>\n<li class=\"menu-item menu-item-type-post_type menu-item-object-page menu-item-1027\"><a href=\"https:\/\/ccm-eleva.cl\/efl2021\/panorama-actual\/acciones-frente-al-covid-19\/\" class=\"elementor-item\" tabindex=\"-1\">Acciones frente<br> al COVID-19<\/a><\/li>\n<li class=\"menu-item menu-item-type-post_type menu-item-object-page menu-item-2164\"><a href=\"https:\/\/ccm-eleva.cl\/efl2021\/panorama-actual\/principales-resultados-panorama-actual\/\" class=\"elementor-item\" tabindex=\"-1\">Principales<br> resultados<\/a><\/li>\n<\/ul>\t\t\t<\/nav>\n\t\t\t\t<\/div>\n\t\t\t\t<\/div>\n\t\t\t\t\t<\/div>\n\t\t<\/div>\n\t\t\t\t\t\t\t<\/div>\n\t\t<\/section>\n\t\t\t\t<section class=\"elementor-section elementor-top-section elementor-element elementor-element-8a2480e elementor-section-full_width elementor-section-height-default elementor-section-height-default\" data-id=\"8a2480e\" data-element_type=\"section\">\n\t\t\t\t\t\t<div class=\"elementor-container elementor-column-gap-default\">\n\t\t\t\t\t<div class=\"elementor-column elementor-col-33 elementor-top-column elementor-element elementor-element-b778748\" data-id=\"b778748\" data-element_type=\"column\" data-settings=\"{&quot;background_background&quot;:&quot;classic&quot;}\">\n\t\t\t<div class=\"elementor-widget-wrap elementor-element-populated\">\n\t\t\t\t\t\t\t\t<div class=\"elementor-element elementor-element-164c3bf elementor-widget elementor-widget-heading\" data-id=\"164c3bf\" data-element_type=\"widget\" data-widget_type=\"heading.default\">\n\t\t\t\t<div class=\"elementor-widget-container\">\n\t\t\t<h2 class=\"elementor-heading-title elementor-size-default\">Introducci\u00f3n<\/h2>\t\t<\/div>\n\t\t\t\t<\/div>\n\t\t\t\t<div class=\"elementor-element elementor-element-d391463 elementor-widget elementor-widget-text-editor\" data-id=\"d391463\" data-element_type=\"widget\" data-widget_type=\"text-editor.default\">\n\t\t\t\t<div class=\"elementor-widget-container\">\n\t\t\t\t\t\t\t<p>En la presente edici\u00f3n se busc\u00f3 asegurar la continuidad de la informaci\u00f3n recolectada en versiones anteriores, pero incorporando nuevas variables que permitan complementar los an\u00e1lisis sobre las caracter\u00edsticas de quienes trabajan y las empresas del sector.<\/p>\t\t\t\t\t\t<\/div>\n\t\t\t\t<\/div>\n\t\t\t\t<div class=\"elementor-element elementor-element-bc55633 elementor-widget elementor-widget-text-editor\" data-id=\"bc55633\" data-element_type=\"widget\" id=\"Myid\" data-widget_type=\"text-editor.default\">\n\t\t\t\t<div class=\"elementor-widget-container\">\n\t\t\t\t\t\t\t<p><span style=\"background-color: var( --e-global-color-accent );\">As\u00ed, en este cap\u00edtulo se presenta un panorama actual de la fuerza laboral de la Gran Miner\u00eda Chilena, lo que contempla, por una parte, datos en serie que vienen desde el a\u00f1o 2011 hasta el \u00faltimo dato disponible recolectado para el presente informe y, por otra, informaci\u00f3n in\u00e9dita sobre la percepci\u00f3n de las empresas mineras respecto de tem\u00e1ticas relevantes para la gesti\u00f3n de personas en la industria.<\/span><\/p>\t\t\t\t\t\t<\/div>\n\t\t\t\t<\/div>\n\t\t\t\t<div class=\"elementor-element elementor-element-9972b37 click elementor-widget elementor-widget-html\" data-id=\"9972b37\" data-element_type=\"widget\" data-widget_type=\"html.default\">\n\t\t\t\t<div class=\"elementor-widget-container\">\n\t\t\t<button onclick=\"toggleText()\">Leer m\u00e1s<\/button>\r\n\r\n<script>\r\nfunction toggleText(){\r\n  var x = document.getElementById(\"Myid\");\r\n  if (x.style.display === \"block\") {\r\n    x.style.display = \"none\";\r\n  } else {\r\n    x.style.display = \"block\";\r\n  }\r\n}\r\n<\/script>\t\t<\/div>\n\t\t\t\t<\/div>\n\t\t\t\t\t<\/div>\n\t\t<\/div>\n\t\t\t\t<div class=\"elementor-column elementor-col-33 elementor-top-column elementor-element elementor-element-03d5225\" data-id=\"03d5225\" data-element_type=\"column\" data-settings=\"{&quot;background_background&quot;:&quot;classic&quot;}\">\n\t\t\t<div class=\"elementor-widget-wrap elementor-element-populated\">\n\t\t\t\t\t\t\t\t<div class=\"elementor-element elementor-element-f6a7f6a elementor-widget elementor-widget-heading\" data-id=\"f6a7f6a\" data-element_type=\"widget\" data-widget_type=\"heading.default\">\n\t\t\t\t<div class=\"elementor-widget-container\">\n\t\t\t<h2 class=\"elementor-heading-title elementor-size-default\">Nota Metodol\u00f3gica<\/h2>\t\t<\/div>\n\t\t\t\t<\/div>\n\t\t\t\t<div class=\"elementor-element elementor-element-9be6638 elementor-widget elementor-widget-text-editor\" data-id=\"9be6638\" data-element_type=\"widget\" data-widget_type=\"text-editor.default\">\n\t\t\t\t<div class=\"elementor-widget-container\">\n\t\t\t\t\t\t\t<p>Las estad\u00edsticas de este cap\u00edtulo fueron elaboradas a partir de informaci\u00f3n entregada directamente por las empresas participantes con fecha de corte a diciembre de 2020, espec\u00edficamente:<\/p><ul><li>14 bases de datos de dotaci\u00f3n interna (headcount) de empresas mineras y 13 de empresas proveedoras.<\/li><li>19 reportes de trabajadores contratistas permanentes en faenas mineras.<\/li><\/ul>\t\t\t\t\t\t<\/div>\n\t\t\t\t<\/div>\n\t\t\t\t\t<\/div>\n\t\t<\/div>\n\t\t\t\t<div class=\"elementor-column elementor-col-33 elementor-top-column elementor-element elementor-element-b9a5844\" data-id=\"b9a5844\" data-element_type=\"column\" data-settings=\"{&quot;background_background&quot;:&quot;classic&quot;}\">\n\t\t\t<div class=\"elementor-widget-wrap elementor-element-populated\">\n\t\t\t\t\t\t\t\t<div class=\"elementor-element elementor-element-5221f13 elementor-widget elementor-widget-text-editor\" data-id=\"5221f13\" data-element_type=\"widget\" data-widget_type=\"text-editor.default\">\n\t\t\t\t<div class=\"elementor-widget-container\">\n\t\t\t\t\t\t\t<ul><li>23 reportes de capacitaci\u00f3n de empresas mineras y 10 de empresas proveedoras.<\/li><li>23 reportes de aprendices y practicantes en empresas mineras.<\/li><li>Encuesta autoaplicada online a gerentes y jefaturas de Recursos Humanos. N total\u00a0de la muestra = 29 empresas (n mineras = 18; n proveedoras = 11). Fecha de\u00a0aplicaci\u00f3n = febrero y marzo de 2021.<\/li><\/ul>\t\t\t\t\t\t<\/div>\n\t\t\t\t<\/div>\n\t\t\t\t\t<\/div>\n\t\t<\/div>\n\t\t\t\t\t\t\t<\/div>\n\t\t<\/section>\n\t\t\t\t<section class=\"elementor-section elementor-top-section elementor-element elementor-element-c086853 elementor-section-boxed elementor-section-height-default elementor-section-height-default\" data-id=\"c086853\" data-element_type=\"section\">\n\t\t\t\t\t\t<div class=\"elementor-container elementor-column-gap-default\">\n\t\t\t\t\t<div class=\"elementor-column elementor-col-100 elementor-top-column elementor-element elementor-element-a45bca9\" data-id=\"a45bca9\" data-element_type=\"column\">\n\t\t\t<div class=\"elementor-widget-wrap elementor-element-populated\">\n\t\t\t\t\t\t\t\t<div class=\"elementor-element elementor-element-082958d elementor-widget elementor-widget-heading\" data-id=\"082958d\" data-element_type=\"widget\" data-widget_type=\"heading.default\">\n\t\t\t\t<div class=\"elementor-widget-container\">\n\t\t\t<h2 class=\"elementor-heading-title elementor-size-default\"><b>EVOLUCI\u00d3N DEL EMPLEO EN FAENAS MINERAS*<\/b><br>\n(Excluye dotaci\u00f3n vinculada a divisiones corporativas)<\/h2>\t\t<\/div>\n\t\t\t\t<\/div>\n\t\t\t\t<div class=\"elementor-element elementor-element-968821f elementor-widget elementor-widget-image\" data-id=\"968821f\" data-element_type=\"widget\" data-widget_type=\"image.default\">\n\t\t\t\t<div class=\"elementor-widget-container\">\n\t\t\t\t\t\t\t\t\t\t\t\t\t\t\t<img loading=\"lazy\" decoding=\"async\" width=\"904\" height=\"450\" src=\"https:\/\/ccm-eleva.cl\/efl2021\/\/wp-content\/uploads\/2021\/11\/G1.png\" class=\"attachment-full size-full\" alt=\"\" srcset=\"https:\/\/ccm-eleva.cl\/efl2021\/\/wp-content\/uploads\/2021\/11\/G1.png 904w, https:\/\/ccm-eleva.cl\/efl2021\/\/wp-content\/uploads\/2021\/11\/G1-300x149.png 300w, https:\/\/ccm-eleva.cl\/efl2021\/\/wp-content\/uploads\/2021\/11\/G1-768x382.png 768w\" sizes=\"auto, (max-width: 904px) 100vw, 904px\" \/>\t\t\t\t\t\t\t\t\t\t\t\t\t\t\t<\/div>\n\t\t\t\t<\/div>\n\t\t\t\t<div class=\"elementor-element elementor-element-3f42ab4 elementor-widget elementor-widget-text-editor\" data-id=\"3f42ab4\" data-element_type=\"widget\" data-widget_type=\"text-editor.default\">\n\t\t\t\t<div class=\"elementor-widget-container\">\n\t\t\t\t\t\t\t<p>*Para la construcci\u00f3n de este indicador se utiliza una submuestra de empresas que han participado durante toda la serie, desde el a\u00f1o 2011. De este modo se permite observar una tendencia m\u00e1s clara y sin disrupciones causadas por cambios en los participantes entre las distintas entregas del estudio.<br \/>S\/i: sin informaci\u00f3n<br \/>Fuente: Reporte de dotaci\u00f3n interna y contratistas de empresas mineras.<\/p>\t\t\t\t\t\t<\/div>\n\t\t\t\t<\/div>\n\t\t\t\t\t<\/div>\n\t\t<\/div>\n\t\t\t\t\t\t\t<\/div>\n\t\t<\/section>\n\t\t\t\t<section class=\"elementor-section elementor-top-section elementor-element elementor-element-8b976a6 elementor-section-boxed elementor-section-height-default elementor-section-height-default\" data-id=\"8b976a6\" data-element_type=\"section\">\n\t\t\t\t\t\t<div class=\"elementor-container elementor-column-gap-default\">\n\t\t\t\t\t<div class=\"elementor-column elementor-col-50 elementor-top-column elementor-element elementor-element-5004404\" data-id=\"5004404\" data-element_type=\"column\" data-settings=\"{&quot;background_background&quot;:&quot;classic&quot;}\">\n\t\t\t<div class=\"elementor-widget-wrap elementor-element-populated\">\n\t\t\t\t\t\t\t\t<div class=\"elementor-element elementor-element-938607a elementor-widget elementor-widget-spacer\" data-id=\"938607a\" data-element_type=\"widget\" data-widget_type=\"spacer.default\">\n\t\t\t\t<div class=\"elementor-widget-container\">\n\t\t\t\t\t<div class=\"elementor-spacer\">\n\t\t\t<div class=\"elementor-spacer-inner\"><\/div>\n\t\t<\/div>\n\t\t\t\t<\/div>\n\t\t\t\t<\/div>\n\t\t\t\t\t<\/div>\n\t\t<\/div>\n\t\t\t\t<div class=\"elementor-column elementor-col-50 elementor-top-column elementor-element elementor-element-50c7851\" data-id=\"50c7851\" data-element_type=\"column\" data-settings=\"{&quot;background_background&quot;:&quot;classic&quot;}\">\n\t\t\t<div class=\"elementor-widget-wrap elementor-element-populated\">\n\t\t\t\t\t\t\t\t<div class=\"elementor-element elementor-element-a1eccc9 elementor-widget elementor-widget-text-editor\" data-id=\"a1eccc9\" data-element_type=\"widget\" data-widget_type=\"text-editor.default\">\n\t\t\t\t<div class=\"elementor-widget-container\">\n\t\t\t\t\t\t\t<p><strong>Los resultados para el a\u00f1o 2020 revelan que la industria comienza a expandirse, <\/strong>recuperando un nivel de empleo cercano al que exist\u00eda antes de la contracci\u00f3n observada desde 2016.<\/p>\t\t\t\t\t\t<\/div>\n\t\t\t\t<\/div>\n\t\t\t\t\t<\/div>\n\t\t<\/div>\n\t\t\t\t\t\t\t<\/div>\n\t\t<\/section>\n\t\t\t\t<section class=\"elementor-section elementor-top-section elementor-element elementor-element-703ba8a elementor-section-boxed elementor-section-height-default elementor-section-height-default\" data-id=\"703ba8a\" data-element_type=\"section\">\n\t\t\t\t\t\t<div class=\"elementor-container elementor-column-gap-default\">\n\t\t\t\t\t<div class=\"elementor-column elementor-col-100 elementor-top-column elementor-element elementor-element-97febb3\" data-id=\"97febb3\" data-element_type=\"column\">\n\t\t\t<div class=\"elementor-widget-wrap elementor-element-populated\">\n\t\t\t\t\t\t\t\t<div class=\"elementor-element elementor-element-02e0cbc elementor-widget elementor-widget-text-editor\" data-id=\"02e0cbc\" data-element_type=\"widget\" data-widget_type=\"text-editor.default\">\n\t\t\t\t<div class=\"elementor-widget-container\">\n\t\t\t\t\t\t\t<p>Esta \u00faltima medici\u00f3n muestra que el empleo total est\u00e1 9 puntos porcentuales bajo la primera (a\u00f1o 2011), y supera por 4 puntos a la medici\u00f3n de 2018. El empleo de la dotaci\u00f3n interna disminuye en 4 puntos porcentuales en relaci\u00f3n a 2018. No obstante, la dotaci\u00f3n contratista aumenta en 9 puntos, lo que muestra que la expansi\u00f3n del a\u00f1o 2020 se concentra principalmente en trabajadores externos.<\/p><p>Esto refleja los esfuerzos realizados por a industria para mantener la continuidad operacional en un periodo desafiado por la pandemia, junto a indicios de recuperaci\u00f3n del precio del cobre, un escenario optimista vinculado al alza futura en su demanda en el mundo, y a un potencial incremento en el desarrollo de proyectos destinados a aumentar la producci\u00f3n cupr\u00edfera en el pa\u00eds.<\/p>\t\t\t\t\t\t<\/div>\n\t\t\t\t<\/div>\n\t\t\t\t\t<\/div>\n\t\t<\/div>\n\t\t\t\t\t\t\t<\/div>\n\t\t<\/section>\n\t\t\t\t<section class=\"elementor-section elementor-top-section elementor-element elementor-element-b768c8a elementor-section-boxed elementor-section-height-default elementor-section-height-default\" data-id=\"b768c8a\" data-element_type=\"section\">\n\t\t\t\t\t\t<div class=\"elementor-container elementor-column-gap-default\">\n\t\t\t\t\t<div class=\"elementor-column elementor-col-100 elementor-top-column elementor-element elementor-element-ffab7df\" data-id=\"ffab7df\" data-element_type=\"column\">\n\t\t\t<div class=\"elementor-widget-wrap elementor-element-populated\">\n\t\t\t\t\t\t\t\t<div class=\"elementor-element elementor-element-a9c9e95 elementor-widget elementor-widget-heading\" data-id=\"a9c9e95\" data-element_type=\"widget\" data-widget_type=\"heading.default\">\n\t\t\t\t<div class=\"elementor-widget-container\">\n\t\t\t<h2 class=\"elementor-heading-title elementor-size-default\">EVOLUCI\u00d3N DEL EMPLEO POR \u00c1REA EN EMPRESAS MINERAS*<\/h2>\t\t<\/div>\n\t\t\t\t<\/div>\n\t\t\t\t<div class=\"elementor-element elementor-element-bf6c02b elementor-widget elementor-widget-image\" data-id=\"bf6c02b\" data-element_type=\"widget\" data-widget_type=\"image.default\">\n\t\t\t\t<div class=\"elementor-widget-container\">\n\t\t\t\t\t\t\t\t\t\t\t\t\t\t\t<img loading=\"lazy\" decoding=\"async\" width=\"877\" height=\"372\" src=\"https:\/\/ccm-eleva.cl\/efl2021\/\/wp-content\/uploads\/2021\/11\/G2.png\" class=\"attachment-full size-full\" alt=\"\" srcset=\"https:\/\/ccm-eleva.cl\/efl2021\/\/wp-content\/uploads\/2021\/11\/G2.png 877w, https:\/\/ccm-eleva.cl\/efl2021\/\/wp-content\/uploads\/2021\/11\/G2-300x127.png 300w, https:\/\/ccm-eleva.cl\/efl2021\/\/wp-content\/uploads\/2021\/11\/G2-768x326.png 768w\" sizes=\"auto, (max-width: 877px) 100vw, 877px\" \/>\t\t\t\t\t\t\t\t\t\t\t\t\t\t\t<\/div>\n\t\t\t\t<\/div>\n\t\t\t\t<div class=\"elementor-element elementor-element-b2b4e69 elementor-widget elementor-widget-text-editor\" data-id=\"b2b4e69\" data-element_type=\"widget\" data-widget_type=\"text-editor.default\">\n\t\t\t\t<div class=\"elementor-widget-container\">\n\t\t\t\t\t\t\t*Para la construcci\u00f3n de este indicador se utiliza una submuestra de empresas que han participado durante toda la serie, desde el a\u00f1o 2011. De este modo se permite observar una tendencia m\u00e1s clara y sin disrupciones causadas por cambios en los participantes entre las distintas entregas del estudio.\n<br>\nS\/i: sin informaci\u00f3n\n<br>\n<span style=\"color: var( --e-global-color-text );\">Fuente: Reporte de dotaci\u00f3n de empresas mineras.<\/span>\t\t\t\t\t\t<\/div>\n\t\t\t\t<\/div>\n\t\t\t\t<div class=\"elementor-element elementor-element-fe20336 elementor-widget elementor-widget-text-editor\" data-id=\"fe20336\" data-element_type=\"widget\" data-widget_type=\"text-editor.default\">\n\t\t\t\t<div class=\"elementor-widget-container\">\n\t\t\t\t\t\t\t<p>En las empresas mineras se evidencia una leve contracci\u00f3n del empleo en las \u00e1reas Cadena de Valor Principal y Desarrollo Minero, disminuyendo 4 y 16 puntos respectivamente en relaci\u00f3n al a\u00f1o 2018. Por su parte, las \u00e1reas de Administraci\u00f3n\/Soporte y Proyectos Mayores muestran un crecimiento destacado, superando por 27 y 11 puntos porcentuales a la medici\u00f3n anterior y alcanzando niveles m\u00e1s cercanos a los observados en los primeros a\u00f1os de la serie.<\/p><p>Los cambios observados hacia el final de la serie dan cuenta de que las compa\u00f1\u00edas se podr\u00edan estar preparando para afrontar un incremento en la producci\u00f3n minera en los pr\u00f3ximos a\u00f1os, lo que se suma a los desaf\u00edos en costos y organizaci\u00f3n que implica adaptar la actividad de las empresas en el contexto actual.<\/p>\t\t\t\t\t\t<\/div>\n\t\t\t\t<\/div>\n\t\t\t\t\t<\/div>\n\t\t<\/div>\n\t\t\t\t\t\t\t<\/div>\n\t\t<\/section>\n\t\t\t\t<section class=\"elementor-section elementor-top-section elementor-element elementor-element-11206b5 elementor-section-boxed elementor-section-height-default elementor-section-height-default\" data-id=\"11206b5\" data-element_type=\"section\">\n\t\t\t\t\t\t<div class=\"elementor-container elementor-column-gap-default\">\n\t\t\t\t\t<div class=\"elementor-column elementor-col-100 elementor-top-column elementor-element elementor-element-57dcd2b\" data-id=\"57dcd2b\" data-element_type=\"column\">\n\t\t\t<div class=\"elementor-widget-wrap elementor-element-populated\">\n\t\t\t\t\t\t\t\t<div class=\"elementor-element elementor-element-9ac38fb elementor-widget elementor-widget-heading\" data-id=\"9ac38fb\" data-element_type=\"widget\" data-widget_type=\"heading.default\">\n\t\t\t\t<div class=\"elementor-widget-container\">\n\t\t\t<h2 class=\"elementor-heading-title elementor-size-default\">EVOLUCI\u00d3N DE LA RELACI\u00d3N DE DOTACI\u00d3N CONTRATISTA \/ DOTACI\u00d3N INTERNA EN EMPRESAS MINERAS<\/h2>\t\t<\/div>\n\t\t\t\t<\/div>\n\t\t\t\t<div class=\"elementor-element elementor-element-5f60012 elementor-widget elementor-widget-image\" data-id=\"5f60012\" data-element_type=\"widget\" data-widget_type=\"image.default\">\n\t\t\t\t<div class=\"elementor-widget-container\">\n\t\t\t\t\t\t\t\t\t\t\t\t\t\t\t<img loading=\"lazy\" decoding=\"async\" width=\"877\" height=\"266\" src=\"https:\/\/ccm-eleva.cl\/efl2021\/\/wp-content\/uploads\/2021\/11\/G3.png\" class=\"attachment-full size-full\" alt=\"\" srcset=\"https:\/\/ccm-eleva.cl\/efl2021\/\/wp-content\/uploads\/2021\/11\/G3.png 877w, https:\/\/ccm-eleva.cl\/efl2021\/\/wp-content\/uploads\/2021\/11\/G3-300x91.png 300w, https:\/\/ccm-eleva.cl\/efl2021\/\/wp-content\/uploads\/2021\/11\/G3-768x233.png 768w\" sizes=\"auto, (max-width: 877px) 100vw, 877px\" \/>\t\t\t\t\t\t\t\t\t\t\t\t\t\t\t<\/div>\n\t\t\t\t<\/div>\n\t\t\t\t<div class=\"elementor-element elementor-element-744a956 elementor-widget elementor-widget-text-editor\" data-id=\"744a956\" data-element_type=\"widget\" data-widget_type=\"text-editor.default\">\n\t\t\t\t<div class=\"elementor-widget-container\">\n\t\t\t\t\t\t\t<p>Fuente: Reporte de dotaci\u00f3n interna y contratistas de empresas mineras.<\/p>\t\t\t\t\t\t<\/div>\n\t\t\t\t<\/div>\n\t\t\t\t<div class=\"elementor-element elementor-element-af47630 elementor-widget elementor-widget-text-editor\" data-id=\"af47630\" data-element_type=\"widget\" data-widget_type=\"text-editor.default\">\n\t\t\t\t<div class=\"elementor-widget-container\">\n\t\t\t\t\t\t\t<p>Tal como sugiere el reporte anterior, la recuperaci\u00f3n de la actividad minera en el \u00faltimo periodo ha permitido un alza en el empleo en la industria, impactando en el tama\u00f1o de los contratos que tienen las empresas proveedoras. El a\u00f1o 2020 presenta una nueva alza en la cantidad de trabajadores contratistas permanentes por cada trabajador interno en las empresas mineras (relaci\u00f3n cercana a 2:1), incluso alcanzando el nivel del a\u00f1o 2012 para la relaci\u00f3n en el total de empresas, pero manteni\u00e9ndose pr\u00e1cticamente id\u00e9ntica en la Cadena de Valor Principal con respecto al 2018.<\/p>\t\t\t\t\t\t<\/div>\n\t\t\t\t<\/div>\n\t\t\t\t\t<\/div>\n\t\t<\/div>\n\t\t\t\t\t\t\t<\/div>\n\t\t<\/section>\n\t\t\t\t\t\t<\/div>\n\t\t\t\t\t<\/div>\n\t\t","protected":false},"excerpt":{"rendered":"<p>Panorama actual del capital humano de la Gran Miner\u00edaEstudio Fuerza Laboral Gran Miner\u00eda Chilena 2021 &#8211; 2030 Introducci\u00f3n En la presente edici\u00f3n se busc\u00f3 asegurar la continuidad de la informaci\u00f3n recolectada en versiones anteriores, pero incorporando nuevas variables que permitan complementar los an\u00e1lisis sobre las caracter\u00edsticas de quienes trabajan y las empresas del sector. As\u00ed, [&hellip;]<\/p>\n","protected":false},"author":1,"featured_media":0,"parent":1011,"menu_order":0,"comment_status":"closed","ping_status":"closed","template":"","meta":{"om_disable_all_campaigns":false,"_mi_skip_tracking":false,"footnotes":""},"class_list":["post-155","page","type-page","status-publish","hentry"],"aioseo_notices":[],"_links":{"self":[{"href":"https:\/\/ccm-eleva.cl\/efl2021\/wp-json\/wp\/v2\/pages\/155","targetHints":{"allow":["GET"]}}],"collection":[{"href":"https:\/\/ccm-eleva.cl\/efl2021\/wp-json\/wp\/v2\/pages"}],"about":[{"href":"https:\/\/ccm-eleva.cl\/efl2021\/wp-json\/wp\/v2\/types\/page"}],"author":[{"embeddable":true,"href":"https:\/\/ccm-eleva.cl\/efl2021\/wp-json\/wp\/v2\/users\/1"}],"replies":[{"embeddable":true,"href":"https:\/\/ccm-eleva.cl\/efl2021\/wp-json\/wp\/v2\/comments?post=155"}],"version-history":[{"count":256,"href":"https:\/\/ccm-eleva.cl\/efl2021\/wp-json\/wp\/v2\/pages\/155\/revisions"}],"predecessor-version":[{"id":2396,"href":"https:\/\/ccm-eleva.cl\/efl2021\/wp-json\/wp\/v2\/pages\/155\/revisions\/2396"}],"up":[{"embeddable":true,"href":"https:\/\/ccm-eleva.cl\/efl2021\/wp-json\/wp\/v2\/pages\/1011"}],"wp:attachment":[{"href":"https:\/\/ccm-eleva.cl\/efl2021\/wp-json\/wp\/v2\/media?parent=155"}],"curies":[{"name":"wp","href":"https:\/\/api.w.org\/{rel}","templated":true}]}}